{"id":278,"date":"2024-02-21T23:25:06","date_gmt":"2024-02-21T23:25:06","guid":{"rendered":"https:\/\/gfeb.org\/al\/?page_id=278"},"modified":"2024-03-07T13:30:06","modified_gmt":"2024-03-07T13:30:06","slug":"partner-weca","status":"publish","type":"page","link":"https:\/\/gfeb.org\/al\/partner-weca\/","title":{"rendered":"partner weca"},"content":{"rendered":"<p>[et_pb_section fb_built=&#8221;1&#8243; next_background_color=&#8221;#ffffff&#8221; _builder_version=&#8221;4.24.0&#8243; _module_preset=&#8221;default&#8221; use_background_color_gradient=&#8221;on&#8221; background_color_gradient_direction=&#8221;270deg&#8221; background_color_gradient_stops=&#8221;#5a7414 0%|#1f5100 100%&#8221; bottom_divider_style=&#8221;wave&#8221; bottom_divider_height=&#8221;32px&#8221; global_colors_info=&#8221;{}&#8221;][et_pb_row _builder_version=&#8221;4.24.0&#8243; _module_preset=&#8221;default&#8221; global_colors_info=&#8221;{}&#8221;][et_pb_column type=&#8221;4_4&#8243; _builder_version=&#8221;4.24.0&#8243; _module_preset=&#8221;default&#8221; global_colors_info=&#8221;{}&#8221;][et_pb_text _builder_version=&#8221;4.24.0&#8243; _module_preset=&#8221;default&#8221; header_text_align=&#8221;center&#8221; header_text_color=&#8221;#FFFFFF&#8221; global_colors_info=&#8221;{}&#8221;]<\/p>\n<h1>Partner WECA<\/h1>\n<p>[\/et_pb_text][\/et_pb_column][\/et_pb_row][\/et_pb_section][et_pb_section fb_built=&#8221;1&#8243; _builder_version=&#8221;4.24.0&#8243; _module_preset=&#8221;default&#8221; global_colors_info=&#8221;{}&#8221;][et_pb_row _builder_version=&#8221;4.24.0&#8243; _module_preset=&#8221;default&#8221; custom_margin=&#8221;|auto|-141px|auto||&#8221; custom_padding=&#8221;3px|||||&#8221; global_colors_info=&#8221;{}&#8221;][et_pb_column type=&#8221;4_4&#8243; _builder_version=&#8221;4.24.0&#8243; _module_preset=&#8221;default&#8221; global_colors_info=&#8221;{}&#8221;][et_pb_image src=&#8221;https:\/\/gfeb.org\/al\/wp-content\/uploads\/sites\/3\/2024\/02\/WECA.png&#8221; title_text=&#8221;WECA&#8221; _builder_version=&#8221;4.24.0&#8243; _module_preset=&#8221;default&#8221; global_colors_info=&#8221;{}&#8221;][\/et_pb_image][\/et_pb_column][\/et_pb_row][\/et_pb_section][et_pb_section fb_built=&#8221;1&#8243; _builder_version=&#8221;4.24.0&#8243; _module_preset=&#8221;default&#8221; custom_padding=&#8221;0px|||||&#8221; global_colors_info=&#8221;{}&#8221;][et_pb_row _builder_version=&#8221;4.24.0&#8243; _module_preset=&#8221;default&#8221; min_height=&#8221;368px&#8221; custom_padding=&#8221;3px|||||&#8221; global_colors_info=&#8221;{}&#8221;][et_pb_column type=&#8221;4_4&#8243; _builder_version=&#8221;4.24.0&#8243; _module_preset=&#8221;default&#8221; global_colors_info=&#8221;{}&#8221;][et_pb_text _builder_version=&#8221;4.24.0&#8243; _module_preset=&#8221;default&#8221; custom_padding=&#8221;2px||||false|false&#8221; hover_enabled=&#8221;0&#8243; global_colors_info=&#8221;{}&#8221; sticky_enabled=&#8221;0&#8243;]<\/p>\n<div class=\"et_pb_module et_pb_text et_pb_text_2  et_pb_text_align_left et_pb_bg_layout_light\">\n<div class=\"et_pb_text_inner\">\n<h3>DHOMA EKONOMIKE E GRUAS N\u00cb SHQIP\u00cbRI (WECA)<\/h3>\n<\/div>\n<\/div>\n<p>[\/et_pb_text][et_pb_text _builder_version=&#8221;4.24.0&#8243; _module_preset=&#8221;default&#8221; custom_padding=&#8221;2px||||false|false&#8221; hover_enabled=&#8221;0&#8243; global_colors_info=&#8221;{}&#8221; sticky_enabled=&#8221;0&#8243;]<\/p>\n<p style=\"text-align: justify;\"><strong>DHOMA <\/strong><strong>EKONOMIKE E GRUAS N\u00cb SHQIP\u00cbRI <\/strong>u krijua ligj\u00ebrisht m\u00eb 26 Qershor 2020. Ajo p\u00ebrfaq\u00ebson interesin e p\u00ebrbashk\u00ebt t\u00eb nj\u00eb grupi grash sip\u00ebrmarr\u00ebse dhe profesioniste p\u00ebr t\u00eb ndikuar n\u00eb shoq\u00ebrin\u00eb p\u00ebr fuqizimin e Sip\u00ebrmarrjes s\u00eb Grave n\u00eb Shqip\u00ebri. Pas dekadash t\u00eb p\u00ebrvoj\u00ebs n\u00eb fusha t\u00eb ndryshme t\u00eb biznesit, ato bashkohen p\u00ebr t\u00eb ndar\u00eb njohurin\u00eb, energjin\u00eb, interesin dhe d\u00ebshir\u00ebn p\u00ebr kontribut ndaj komunitetit t\u00eb bizneseve t\u00eb drejtuar nga grat\u00eb.<\/p>\n<p style=\"text-align: justify;\"><strong>Misioni i WECA<\/strong> \u00ebsht\u00eb t\u00eb fuqizoj\u00eb grat\u00eb n\u00eb sip\u00ebrmarrje si promovuese t\u00eb ekonomis\u00eb, duke kontribuar n\u00eb t\u00eb gjitha proceset e marr\u00ebveshjeve p\u00ebr \u00e7\u00ebshtjet ekonomike.<strong>\u00a0 <\/strong><\/p>\n<p style=\"text-align: justify;\"><strong>Q\u00ebllimi \u00ebsht\u00eb<\/strong> t\u00eb mbroj\u00eb interesat ekonomike t\u00eb grave sip\u00ebrmarr\u00ebse, profesioniste dhe t\u00eb pun\u00ebsuarit n\u00eb t\u00eb gjitha sektor\u00ebt e ekonomis\u00eb p\u00ebrmes lobimit dhe advokimit.<\/p>\n<p style=\"text-align: justify;\">WECA thekson nevoj\u00ebn p\u00ebr zhvillimin e kapaciteteve te sip\u00ebrmarrja e grave duke ofruar sh\u00ebrbime n\u00ebp\u00ebrmjet ofrimit t\u00eb informacionit, trajnimeve, aktiviteteve promovuese, leht\u00ebsimit n\u00eb krijimin e bizneseve t\u00eb reja, mb\u00ebshtetjes p\u00ebrmes programeve mentoruese dhe trajnuese dhe p\u00ebrfaq\u00ebsimin e tyre n\u00eb aktivitete, ngjarje dhe forume lokale dhe nd\u00ebrkomb\u00ebtare. Po ashtu ajo mb\u00ebshtet edhe promovimin e bizneseve t\u00eb tyre n\u00eb rrjetet sociale dhe platformat e ndryshme. P\u00ebrvoja dhe ekspertiza e saj jan\u00eb p\u00ebrmir\u00ebsuar duke bashk\u00ebpunuar me organizata lokale dhe nd\u00ebrkomb\u00ebtare t\u00eb ndryshme dhe duke punuar me programet e BE-s\u00eb q\u00eb fokusohen n\u00eb zhvillimin e biznesit dhe sip\u00ebmarrjes s\u00eb grave.<\/p>\n<p style=\"text-align: justify;\">WECA ka rreth 120 an\u00ebtare nga e gjith\u00eb Shqip\u00ebria.<\/p>\n<p align=\"justify\" style=\"text-align: justify;\">Drejtimet e pun\u00ebs \u00eb saj p\u00ebrfshijn\u00eb:<\/p>\n<p>[\/et_pb_text][\/et_pb_column][\/et_pb_row][et_pb_row column_structure=&#8221;1_3,1_3,1_3&#8243; _builder_version=&#8221;4.24.0&#8243; _module_preset=&#8221;default&#8221; global_colors_info=&#8221;{}&#8221;][et_pb_column type=&#8221;1_3&#8243; _builder_version=&#8221;4.24.0&#8243; _module_preset=&#8221;default&#8221; global_colors_info=&#8221;{}&#8221;][et_pb_blurb use_icon=&#8221;on&#8221; font_icon=&#8221;&#x5a;||divi||400&#8243; icon_placement=&#8221;left&#8221; _builder_version=&#8221;4.24.0&#8243; _module_preset=&#8221;default&#8221; hover_enabled=&#8221;0&#8243; global_colors_info=&#8221;{}&#8221; sticky_enabled=&#8221;0&#8243;]<\/p>\n<p><strong>Rritje e numrit t\u00eb grave n\u00eb biznes dhe promovimi I rolit t\u00eb tyre n\u00eb shoq\u00ebri<\/strong><\/p>\n<p>[\/et_pb_blurb][\/et_pb_column][et_pb_column type=&#8221;1_3&#8243; _builder_version=&#8221;4.24.0&#8243; _module_preset=&#8221;default&#8221; global_colors_info=&#8221;{}&#8221;][et_pb_blurb use_icon=&#8221;on&#8221; font_icon=&#8221;&#x5a;||divi||400&#8243; icon_placement=&#8221;left&#8221; _builder_version=&#8221;4.24.0&#8243; _module_preset=&#8221;default&#8221; hover_enabled=&#8221;0&#8243; locked=&#8221;off&#8221; global_colors_info=&#8221;{}&#8221; sticky_enabled=&#8221;0&#8243;]<\/p>\n<p><strong>Ngritje e kapaciteteve t\u00eb grave sip\u00ebrmarr\u00ebse p\u00ebrmes trajnimit dhe mentorimit<\/strong><\/p>\n<p>[\/et_pb_blurb][\/et_pb_column][et_pb_column type=&#8221;1_3&#8243; _builder_version=&#8221;4.24.0&#8243; _module_preset=&#8221;default&#8221; global_colors_info=&#8221;{}&#8221;][et_pb_blurb use_icon=&#8221;on&#8221; font_icon=&#8221;&#x5a;||divi||400&#8243; icon_placement=&#8221;left&#8221; _builder_version=&#8221;4.24.0&#8243; _module_preset=&#8221;default&#8221; hover_enabled=&#8221;0&#8243; locked=&#8221;off&#8221; global_colors_info=&#8221;{}&#8221; sticky_enabled=&#8221;0&#8243;]<\/p>\n<p><strong>Mb\u00ebshtetje me veprimtari rrjet<\/strong><strong>\u00ebzimi p\u00ebr t\u00eb inkurajuar mund\u00ebsi bashk\u00ebpunimi m\u00eb t\u00eb ngushta midis grave sip\u00ebrmarr\u00ebse<\/strong><\/p>\n<p>[\/et_pb_blurb][\/et_pb_column][\/et_pb_row][et_pb_row column_structure=&#8221;1_3,1_3,1_3&#8243; _builder_version=&#8221;4.24.0&#8243; _module_preset=&#8221;default&#8221; global_colors_info=&#8221;{}&#8221;][et_pb_column type=&#8221;1_3&#8243; _builder_version=&#8221;4.24.0&#8243; _module_preset=&#8221;default&#8221; global_colors_info=&#8221;{}&#8221;][et_pb_blurb use_icon=&#8221;on&#8221; font_icon=&#8221;&#x5a;||divi||400&#8243; icon_placement=&#8221;left&#8221; _builder_version=&#8221;4.24.0&#8243; _module_preset=&#8221;default&#8221; hover_enabled=&#8221;0&#8243; global_colors_info=&#8221;{}&#8221; sticky_enabled=&#8221;0&#8243;]<\/p>\n<p><strong>Mb\u00ebshtetje p\u00ebr grat\u00eb e reja sip\u00ebrmarr\u00ebse n\u00eb rrug\u00ebn drejt suksesit<\/strong><\/p>\n<p>[\/et_pb_blurb][\/et_pb_column][et_pb_column type=&#8221;1_3&#8243; _builder_version=&#8221;4.24.0&#8243; _module_preset=&#8221;default&#8221; global_colors_info=&#8221;{}&#8221;][et_pb_blurb use_icon=&#8221;on&#8221; font_icon=&#8221;&#x5a;||divi||400&#8243; icon_placement=&#8221;left&#8221; _builder_version=&#8221;4.24.0&#8243; _module_preset=&#8221;default&#8221; hover_enabled=&#8221;0&#8243; locked=&#8221;off&#8221; global_colors_info=&#8221;{}&#8221; sticky_enabled=&#8221;0&#8243;]<\/p>\n<p><strong>P\u00ebrfaq\u00ebsimin e grave sip\u00ebrmarr\u00ebse p\u00ebrmes lobimit dhe advokimit<\/strong><\/p>\n<p>[\/et_pb_blurb][\/et_pb_column][et_pb_column type=&#8221;1_3&#8243; _builder_version=&#8221;4.24.0&#8243; _module_preset=&#8221;default&#8221; global_colors_info=&#8221;{}&#8221;][\/et_pb_column][\/et_pb_row][et_pb_row _builder_version=&#8221;4.24.0&#8243; _module_preset=&#8221;default&#8221; custom_padding=&#8221;||0px|||&#8221; global_colors_info=&#8221;{}&#8221;][et_pb_column type=&#8221;4_4&#8243; _builder_version=&#8221;4.24.0&#8243; _module_preset=&#8221;default&#8221; global_colors_info=&#8221;{}&#8221;][et_pb_divider _builder_version=&#8221;4.24.0&#8243; _module_preset=&#8221;default&#8221; global_colors_info=&#8221;{}&#8221;][\/et_pb_divider][\/et_pb_column][\/et_pb_row][et_pb_row column_structure=&#8221;1_2,1_2&#8243; _builder_version=&#8221;4.24.0&#8243; _module_preset=&#8221;default&#8221; global_colors_info=&#8221;{}&#8221;][et_pb_column type=&#8221;1_2&#8243; _builder_version=&#8221;4.24.0&#8243; _module_preset=&#8221;default&#8221; global_colors_info=&#8221;{}&#8221;][et_pb_text _builder_version=&#8221;4.24.0&#8243; _module_preset=&#8221;default&#8221; global_colors_info=&#8221;{}&#8221;]<\/p>\n<p>Website <a href=\"https:\/\/weca.al\" target=\"_blank\" rel=\"noopener\">https:\/\/weca.al<\/a><span><br \/><\/span>Contact email: menaxhim@weca.al<\/p>\n<p>[\/et_pb_text][\/et_pb_column][et_pb_column type=&#8221;1_2&#8243; _builder_version=&#8221;4.24.0&#8243; _module_preset=&#8221;default&#8221; global_colors_info=&#8221;{}&#8221;][et_pb_social_media_follow _builder_version=&#8221;4.24.0&#8243; _module_preset=&#8221;default&#8221; text_orientation=&#8221;left&#8221; global_colors_info=&#8221;{}&#8221;][et_pb_social_media_follow_network social_network=&#8221;facebook&#8221; url=&#8221;https:\/\/www.facebook.com\/dhomaekonomikeegruas&#8221; _builder_version=&#8221;4.24.0&#8243; _module_preset=&#8221;default&#8221; background_color=&#8221;#3b5998&#8243; global_colors_info=&#8221;{}&#8221; follow_button=&#8221;off&#8221; url_new_window=&#8221;on&#8221;]facebook[\/et_pb_social_media_follow_network][et_pb_social_media_follow_network social_network=&#8221;linkedin&#8221; url=&#8221;https:\/\/linkedin.com\/company\/dhoma-ekonomike-e-gruas\/&#8221; _builder_version=&#8221;4.24.0&#8243; _module_preset=&#8221;default&#8221; background_color=&#8221;#007bb6&#8243; global_colors_info=&#8221;{}&#8221; follow_button=&#8221;off&#8221; url_new_window=&#8221;on&#8221;]linkedin[\/et_pb_social_media_follow_network][et_pb_social_media_follow_network social_network=&#8221;instagram&#8221; url=&#8221;https:\/\/www.instagram.com\/dhoma_ekonomike_gruas&#8221; _builder_version=&#8221;4.24.0&#8243; _module_preset=&#8221;default&#8221; background_color=&#8221;#ea2c59&#8243; global_colors_info=&#8221;{}&#8221; follow_button=&#8221;off&#8221; url_new_window=&#8221;on&#8221;]instagram[\/et_pb_social_media_follow_network][\/et_pb_social_media_follow][\/et_pb_column][\/et_pb_row][\/et_pb_section]<\/p>\n","protected":false},"excerpt":{"rendered":"<p>Partner WECA DHOMA EKONOMIKE E GRUAS N\u00cb SHQIP\u00cbRI (WECA) DHOMA EKONOMIKE E GRUAS N\u00cb SHQIP\u00cbRI u krijua ligj\u00ebrisht m\u00eb 26 Qershor 2020. Ajo p\u00ebrfaq\u00ebson interesin e p\u00ebrbashk\u00ebt t\u00eb nj\u00eb grupi grash sip\u00ebrmarr\u00ebse dhe profesioniste p\u00ebr t\u00eb ndikuar n\u00eb shoq\u00ebrin\u00eb p\u00ebr fuqizimin e Sip\u00ebrmarrjes s\u00eb Grave n\u00eb Shqip\u00ebri. Pas dekadash t\u00eb p\u00ebrvoj\u00ebs n\u00eb fusha t\u00eb ndryshme [&hellip;]<\/p>\n","protected":false},"author":1,"featured_media":0,"parent":0,"menu_order":0,"comment_status":"closed","ping_status":"closed","template":"","meta":{"_et_pb_use_builder":"on","_et_pb_old_content":"<!-- wp:divi\/placeholder \/-->","_et_gb_content_width":"","footnotes":""},"class_list":["post-278","page","type-page","status-publish","hentry"],"_links":{"self":[{"href":"https:\/\/gfeb.org\/al\/wp-json\/wp\/v2\/pages\/278","targetHints":{"allow":["GET"]}}],"collection":[{"href":"https:\/\/gfeb.org\/al\/wp-json\/wp\/v2\/pages"}],"about":[{"href":"https:\/\/gfeb.org\/al\/wp-json\/wp\/v2\/types\/page"}],"author":[{"embeddable":true,"href":"https:\/\/gfeb.org\/al\/wp-json\/wp\/v2\/users\/1"}],"replies":[{"embeddable":true,"href":"https:\/\/gfeb.org\/al\/wp-json\/wp\/v2\/comments?post=278"}],"version-history":[{"count":6,"href":"https:\/\/gfeb.org\/al\/wp-json\/wp\/v2\/pages\/278\/revisions"}],"predecessor-version":[{"id":913,"href":"https:\/\/gfeb.org\/al\/wp-json\/wp\/v2\/pages\/278\/revisions\/913"}],"wp:attachment":[{"href":"https:\/\/gfeb.org\/al\/wp-json\/wp\/v2\/media?parent=278"}],"curies":[{"name":"wp","href":"https:\/\/api.w.org\/{rel}","templated":true}]}}