{"id":80,"date":"2024-02-03T16:49:17","date_gmt":"2024-02-03T16:49:17","guid":{"rendered":"https:\/\/gfeb.org\/al\/?page_id=80"},"modified":"2024-03-07T13:52:02","modified_gmt":"2024-03-07T13:52:02","slug":"partners","status":"publish","type":"page","link":"https:\/\/gfeb.org\/al\/partners\/","title":{"rendered":"partners"},"content":{"rendered":"<p>[et_pb_section fb_built=&#8221;1&#8243; next_background_color=&#8221;#ffffff&#8221; _builder_version=&#8221;4.24.0&#8243; _module_preset=&#8221;default&#8221; use_background_color_gradient=&#8221;on&#8221; background_color_gradient_direction=&#8221;270deg&#8221; background_color_gradient_stops=&#8221;#5a7414 0%|#1f5100 100%&#8221; bottom_divider_style=&#8221;wave&#8221; bottom_divider_height=&#8221;32px&#8221; global_colors_info=&#8221;{}&#8221;][et_pb_row _builder_version=&#8221;4.24.0&#8243; _module_preset=&#8221;default&#8221; locked=&#8221;off&#8221; global_colors_info=&#8221;{}&#8221;][et_pb_column type=&#8221;4_4&#8243; _builder_version=&#8221;4.24.0&#8243; _module_preset=&#8221;default&#8221; global_colors_info=&#8221;{}&#8221;][et_pb_text _builder_version=&#8221;4.24.0&#8243; _module_preset=&#8221;default&#8221; header_text_align=&#8221;center&#8221; header_text_color=&#8221;#FFFFFF&#8221; hover_enabled=&#8221;0&#8243; global_colors_info=&#8221;{}&#8221; sticky_enabled=&#8221;0&#8243;]<\/p>\n<h1>Partner\u00ebt<\/h1>\n<p>[\/et_pb_text][\/et_pb_column][\/et_pb_row][\/et_pb_section][et_pb_section fb_built=&#8221;1&#8243; _builder_version=&#8221;4.24.0&#8243; _module_preset=&#8221;default&#8221; custom_padding=&#8221;||3px|||&#8221; global_colors_info=&#8221;{}&#8221;][et_pb_row _builder_version=&#8221;4.24.0&#8243; _module_preset=&#8221;default&#8221; global_colors_info=&#8221;{}&#8221;][et_pb_column type=&#8221;4_4&#8243; _builder_version=&#8221;4.24.0&#8243; _module_preset=&#8221;default&#8221; global_colors_info=&#8221;{}&#8221;][et_pb_text _builder_version=&#8221;4.24.0&#8243; _module_preset=&#8221;default&#8221; custom_margin=&#8221;||11px|||&#8221; global_colors_info=&#8221;{}&#8221;]<\/p>\n<p style=\"text-align: justify;\">Partneriteti formon nj\u00eb ekip solid, q\u00eb plot\u00ebson nj\u00ebri-tjetrin n\u00eb aspektet e aft\u00ebsive, p\u00ebrvoj\u00ebs, ekspertiz\u00ebs, njohurive dhe sfondit operacional. Edhe pse \u00e7do rezultat i projektit \u00ebsht\u00eb vendosur p\u00ebr nj\u00eb partner t\u00eb caktuar, t\u00eb gjith\u00eb partner\u00ebt do t\u00eb kontribuojn\u00eb n\u00eb t\u00eb gjitha aktivitetet.<br \/>Kjo p\u00ebr shkak se secili mund t\u00eb ofroj\u00eb nj\u00eb kontribut unik, bazuar n\u00eb p\u00ebrvoj\u00ebn dhe pun\u00ebn e ekspert\u00ebve t\u00eb tyre n\u00eb fush\u00ebn e mb\u00ebshtetjes nd\u00ebrkulturore dhe inovative p\u00ebr grat\u00eb sip\u00ebrmarr\u00ebse. Ky kontribut unik \u00ebsht\u00eb ve\u00e7an\u00ebrisht i vlefsh\u00ebm n\u00eb kontekstin e temave dhe ushtrimeve t\u00eb caktuara.<\/p>\n<p>[\/et_pb_text][\/et_pb_column][\/et_pb_row][et_pb_row _builder_version=&#8221;4.24.0&#8243; _module_preset=&#8221;default&#8221; custom_margin=&#8221;-19px|auto|25px|auto||&#8221; custom_padding=&#8221;2px|||||&#8221; global_colors_info=&#8221;{}&#8221;][et_pb_column type=&#8221;4_4&#8243; _builder_version=&#8221;4.24.0&#8243; _module_preset=&#8221;default&#8221; global_colors_info=&#8221;{}&#8221;][et_pb_image src=&#8221;https:\/\/gfeb.org\/al\/wp-content\/uploads\/sites\/3\/2024\/02\/partners_bgrd.jpg&#8221; title_text=&#8221;partners_bgrd&#8221; _builder_version=&#8221;4.24.0&#8243; _module_preset=&#8221;default&#8221; global_colors_info=&#8221;{}&#8221;][\/et_pb_image][et_pb_text _builder_version=&#8221;4.24.0&#8243; _module_preset=&#8221;default&#8221; global_colors_info=&#8221;{}&#8221;]<\/p>\n<p style=\"text-align: justify;\">Projekti G-FEB ka themeluar nj\u00eb partneritet transnacional mes 8 organizatave &#8211; organizatat jo-qeveritare dhe entitetet private, nga 7 vende t\u00eb ndryshme, si\u00e7 \u00ebsht\u00eb p\u00ebrshkruar m\u00eb posht\u00eb:<\/p>\n<p>[\/et_pb_text][\/et_pb_column][\/et_pb_row][\/et_pb_section][et_pb_section fb_built=&#8221;1&#8243; _builder_version=&#8221;4.24.0&#8243; _module_preset=&#8221;default&#8221; custom_padding=&#8221;||||false|false&#8221; global_colors_info=&#8221;{}&#8221;][et_pb_row column_structure=&#8221;1_2,1_2&#8243; _builder_version=&#8221;4.24.0&#8243; _module_preset=&#8221;default&#8221; min_height=&#8221;503.3px&#8221; global_colors_info=&#8221;{}&#8221;][et_pb_column type=&#8221;1_2&#8243; _builder_version=&#8221;4.24.0&#8243; _module_preset=&#8221;default&#8221; global_colors_info=&#8221;{}&#8221;][et_pb_image src=&#8221;https:\/\/gfeb.org\/al\/wp-content\/uploads\/sites\/3\/2024\/02\/SEGE.png&#8221; title_text=&#8221;SEGE&#8221; _builder_version=&#8221;4.24.0&#8243; _module_preset=&#8221;default&#8221; min_height=&#8221;415.3px&#8221; custom_margin=&#8221;-56px||||false|false&#8221; custom_padding=&#8221;0px||0px|||&#8221; global_colors_info=&#8221;{}&#8221;][\/et_pb_image][\/et_pb_column][et_pb_column type=&#8221;1_2&#8243; _builder_version=&#8221;4.24.0&#8243; _module_preset=&#8221;default&#8221; global_colors_info=&#8221;{}&#8221;][et_pb_text _builder_version=&#8221;4.24.0&#8243; _module_preset=&#8221;default&#8221; global_colors_info=&#8221;{}&#8221;]<\/p>\n<h3>SYNDESMOS EPICHERIMATION GYNAIKON ELLADAS (SEGE)<\/h3>\n<p>[\/et_pb_text][et_pb_text _builder_version=&#8221;4.24.0&#8243; _module_preset=&#8221;default&#8221; global_colors_info=&#8221;{}&#8221;]<\/p>\n<p style=\"text-align: justify;\"><strong>Shoqata e Grave Sip\u00ebrmarr\u00ebse &#8211; S.E.G.E. &#8211; <\/strong>\u00ebsht\u00eb nj\u00eb organizat\u00eb me shtrirje komb\u00ebtare jo-qeveritare dhe jo-fitiprur\u00ebse e themeluar n\u00eb vitin 1997 dhe iu drejtohet grave q\u00eb jan\u00eb aktive n\u00eb biznes n\u00eb Greqi. Fuqia e zhvillimit sip\u00ebrmarr\u00ebs dhe nd\u00ebrpersonal e \u00e7do gruaje \u00ebsht\u00eb thelbi I filozofis\u00eb se Shoqat\u00ebs s\u00eb Grave Sip\u00ebrmarr\u00ebse &#8211; S.E.G.E<\/p>\n<p style=\"text-align: justify;\">Misioni i S.E.G.E. \u00ebsht\u00eb zhvillimi i grave dhe mb\u00ebshtetja e q\u00ebndrueshm\u00ebris\u00eb s\u00eb biznesit t\u00eb tyre p\u00ebrmes zbatimit t\u00eb veprimeve si K\u00ebshillimi, Edukimi, Mentorimi, etj. N\u00eb t\u00eb nj\u00ebjt\u00ebn koh\u00eb, S.E.G.E. \u00ebsht\u00eb aktive me veprime t\u00eb dizajnuara p\u00ebr t\u00eb fuqizuar \u00e7do grua n\u00eb m\u00ebnyr\u00eb q\u00eb ta ndihmoj\u00eb t\u00eb gjej\u00eb drejtimin profesional dhe nd\u00ebrpersonal q\u00eb i takon.<\/p>\n<p>[\/et_pb_text][et_pb_button button_url=&#8221;\/al\/partner-sege\/&#8221; button_text=&#8221;M\u00ebso m\u00eb shum\u00eb&#8221; _builder_version=&#8221;4.24.0&#8243; _module_preset=&#8221;default&#8221; global_colors_info=&#8221;{}&#8221;][\/et_pb_button][\/et_pb_column][\/et_pb_row][\/et_pb_section][et_pb_section fb_built=&#8221;1&#8243; _builder_version=&#8221;4.24.0&#8243; _module_preset=&#8221;default&#8221; custom_margin=&#8221;||||false|false&#8221; custom_padding=&#8221;||||false|false&#8221; global_colors_info=&#8221;{}&#8221;][et_pb_row column_structure=&#8221;1_2,1_2&#8243; _builder_version=&#8221;4.24.0&#8243; _module_preset=&#8221;default&#8221; custom_margin=&#8221;|auto||auto|false|false&#8221; custom_padding=&#8221;0px||11px|||&#8221; global_colors_info=&#8221;{}&#8221;][et_pb_column type=&#8221;1_2&#8243; _builder_version=&#8221;4.24.0&#8243; _module_preset=&#8221;default&#8221; global_colors_info=&#8221;{}&#8221;][et_pb_image src=&#8221;https:\/\/gfeb.org\/al\/wp-content\/uploads\/sites\/3\/2024\/02\/AAIE.png&#8221; title_text=&#8221;AAIE&#8221; _builder_version=&#8221;4.24.0&#8243; _module_preset=&#8221;default&#8221; custom_margin=&#8221;-50px||||false|false&#8221; global_colors_info=&#8221;{}&#8221;][\/et_pb_image][\/et_pb_column][et_pb_column type=&#8221;1_2&#8243; _builder_version=&#8221;4.24.0&#8243; _module_preset=&#8221;default&#8221; global_colors_info=&#8221;{}&#8221;][et_pb_text _builder_version=&#8221;4.24.0&#8243; _module_preset=&#8221;default&#8221; global_colors_info=&#8221;{}&#8221;]<\/p>\n<h3>SHOQATA SHQIPTARE E AMBJENTALISTEVE INDUSTRIALE (AAIE)<\/h3>\n<p>[\/et_pb_text][et_pb_text _builder_version=&#8221;4.24.0&#8243; _module_preset=&#8221;default&#8221; global_colors_info=&#8221;{}&#8221;]<\/p>\n<p style=\"text-align: justify;\">AAIE sjell p\u00ebrvoj\u00ebn e gjer\u00eb n\u00eb bashk\u00ebpunim me organizatat nd\u00ebrkomb\u00ebtare dhe komb\u00ebtare, duke marr\u00eb n\u00eb konsiderat\u00eb m\u00eb shum\u00eb se pes\u00ebmb\u00ebdhjet\u00eb vjet eksperienc\u00eb q\u00eb ka n\u00eb analiz\u00eb, k\u00ebrkim, planifikim, zbatim dhe vler\u00ebsim t\u00eb iniciativave politike socio-ekonomike. Kjo ekspertiz\u00eb \u00ebsht\u00eb ve\u00e7an\u00ebrisht e p\u00ebrqendruar n\u00eb fush\u00ebn e mjedisit.<\/p>\n<p style=\"text-align: justify;\">Si nj\u00eb organizat\u00eb jofitimprur\u00ebse, projektet tona jan\u00eb t\u00eb fokusuara n\u00eb zhvillimin mjedisor dhe njer\u00ebzor, t\u00eb p\u00ebrkushtuar p\u00ebr t\u00eb nxitur rim\u00ebk\u00ebmbjen sociale dhe ekonomike t\u00eb vendit.<\/p>\n<p>[\/et_pb_text][et_pb_button button_url=&#8221;@ET-DC@eyJkeW5hbWljIjp0cnVlLCJjb250ZW50IjoicG9zdF9saW5rX3VybF9wYWdlIiwic2V0dGluZ3MiOnsicG9zdF9pZCI6IjIzOSJ9fQ==@&#8221; button_text=&#8221;M\u00ebso m\u00eb shum\u00eb&#8221; _builder_version=&#8221;4.24.0&#8243; _dynamic_attributes=&#8221;button_url&#8221; _module_preset=&#8221;default&#8221; global_colors_info=&#8221;{}&#8221;][\/et_pb_button][\/et_pb_column][\/et_pb_row][et_pb_row column_structure=&#8221;1_2,1_2&#8243; _builder_version=&#8221;4.24.0&#8243; _module_preset=&#8221;default&#8221; custom_margin=&#8221;|auto|15px|auto||&#8221; global_colors_info=&#8221;{}&#8221;][et_pb_column type=&#8221;1_2&#8243; _builder_version=&#8221;4.24.0&#8243; _module_preset=&#8221;default&#8221; global_colors_info=&#8221;{}&#8221;][et_pb_image src=&#8221;https:\/\/gfeb.org\/al\/wp-content\/uploads\/sites\/3\/2024\/02\/UPZ.png&#8221; title_text=&#8221;UPZ&#8221; _builder_version=&#8221;4.24.0&#8243; _module_preset=&#8221;default&#8221; custom_margin=&#8221;-56px||||false|false&#8221; global_colors_info=&#8221;{}&#8221;][\/et_pb_image][\/et_pb_column][et_pb_column type=&#8221;1_2&#8243; _builder_version=&#8221;4.24.0&#8243; _module_preset=&#8221;default&#8221; global_colors_info=&#8221;{}&#8221;][et_pb_text _builder_version=&#8221;4.24.0&#8243; _module_preset=&#8221;default&#8221; global_colors_info=&#8221;{}&#8221;]<\/p>\n<h3>SHOQATA E GRAVE SIP\u00cbRMARR\u00cbSE E BOSNJE HERCEGOVINES<\/h3>\n<p>[\/et_pb_text][et_pb_text _builder_version=&#8221;4.24.0&#8243; _module_preset=&#8221;default&#8221; global_colors_info=&#8221;{}&#8221;]<\/p>\n<p style=\"text-align: justify;\">Shoqata e Grave Sip\u00ebrmarr\u00ebse n\u00eb Bosnje dhe Hercegovin\u00eb (BiH) ofron Mb\u00ebshtetje, Arsimim dhe Promovimin e Grave Sip\u00ebrmarr\u00ebse. <br \/>Shoqata e Grave Sip\u00ebrmarr\u00ebse n\u00eb Bosnj\u00eb dhe Hercegovin\u00eb p\u00ebrfaq\u00ebson nj\u00eb forc\u00eb p\u00ebr ndryshim dhe p\u00ebrparim p\u00ebrmes mb\u00ebshtetjes, arsimit dhe promovimit t\u00eb sip\u00ebrmarrjes s\u00eb grave. <\/p>\n<p style=\"text-align: justify;\">Themeluar nga gra t\u00eb suksesshme n\u00eb biznes, menaxher\u00eb dhe ekspert\u00eb, an\u00ebtar\u00ebt e shoqat\u00ebs punojn\u00eb p\u00ebr t\u00eb krijuar nj\u00eb mjedis ekonomik m\u00eb t\u00eb favorsh\u00ebm n\u00eb BiH. <\/p>\n<p style=\"text-align: justify;\">Misioni i BiH \u00ebsht\u00eb t\u00eb mb\u00ebshtes\u00eb zhvillimin e sip\u00ebrmarrjes te femrat p\u00ebrmes rrjeteve, edukimit dhe k\u00ebshillimit.<\/p>\n<p>[\/et_pb_text][et_pb_button button_url=&#8221;@ET-DC@eyJkeW5hbWljIjp0cnVlLCJjb250ZW50IjoicG9zdF9saW5rX3VybF9wYWdlIiwic2V0dGluZ3MiOnsicG9zdF9pZCI6IjI0NyJ9fQ==@&#8221; button_text=&#8221;M\u00ebso m\u00eb shum\u00eb&#8221; _builder_version=&#8221;4.24.0&#8243; _dynamic_attributes=&#8221;button_url&#8221; _module_preset=&#8221;default&#8221; global_colors_info=&#8221;{}&#8221;][\/et_pb_button][\/et_pb_column][\/et_pb_row][et_pb_row column_structure=&#8221;1_2,1_2&#8243; _builder_version=&#8221;4.24.0&#8243; _module_preset=&#8221;default&#8221; min_height=&#8221;404.3px&#8221; custom_margin=&#8221;|auto||auto|false|false&#8221; custom_padding=&#8221;||0px|||&#8221; global_colors_info=&#8221;{}&#8221;][et_pb_column type=&#8221;1_2&#8243; _builder_version=&#8221;4.24.0&#8243; _module_preset=&#8221;default&#8221; global_colors_info=&#8221;{}&#8221;][et_pb_image src=&#8221;https:\/\/gfeb.org\/al\/wp-content\/uploads\/sites\/3\/2024\/02\/ABW.png&#8221; title_text=&#8221;ABW&#8221; _builder_version=&#8221;4.24.0&#8243; _module_preset=&#8221;default&#8221; custom_margin=&#8221;||||false|false&#8221; global_colors_info=&#8221;{}&#8221;][\/et_pb_image][\/et_pb_column][et_pb_column type=&#8221;1_2&#8243; _builder_version=&#8221;4.24.0&#8243; _module_preset=&#8221;default&#8221; global_colors_info=&#8221;{}&#8221;][et_pb_text _builder_version=&#8221;4.24.0&#8243; _module_preset=&#8221;default&#8221; global_colors_info=&#8221;{}&#8221;]<\/p>\n<h3>SHOQATA E GRAVE SIP\u00cbRMARR\u00cbSE- MAQEDONIA E VERIUT<\/h3>\n<p>[\/et_pb_text][et_pb_text _builder_version=&#8221;4.24.0&#8243; _module_preset=&#8221;default&#8221; global_colors_info=&#8221;{}&#8221;]<\/p>\n<p style=\"text-align: justify;\">Shoqata e Grave Sip\u00ebrmarr\u00ebse &#8211; \u00ebsht\u00eb nj\u00eb partner specifik dhe kompetent n\u00eb dialogun me qeverin\u00eb, OJQ-t\u00eb dhe sektorin privat, q\u00eb kontribuon n\u00eb zhvillimin socio-ekonomik, me nj\u00eb theks t\u00eb ve\u00e7ant\u00eb n\u00eb sip\u00ebrmarrjen e grave si nj\u00eb faktor rritjeje ekonomike. Shoqata luan nj\u00eb rol udh\u00ebheq\u00ebs n\u00eb organizimin e dialogut dhe bashk\u00ebpunimit midis grave sip\u00ebrmarr\u00ebse n\u00eb m\u00ebnyr\u00eb q\u00eb t\u00eb mb\u00ebshtes\u00eb dhe promovoj\u00eb grat\u00eb sip\u00ebrmarr\u00ebse n\u00eb Maqedoni dhe n\u00eb rajon.\u00a0\u00a0\u00a0\u00a0\u00a0\u00a0\u00a0\u00a0\u00a0\u00a0\u00a0\u00a0\u00a0\u00a0\u00a0\u00a0\u00a0\u00a0\u00a0\u00a0\u00a0\u00a0\u00a0\u00a0\u00a0\u00a0\u00a0<\/p>\n<p style=\"text-align: justify;\">Shoqata e Grave Sip\u00ebrmarr\u00ebse &#8211; u themelua zyrtarisht n\u00eb korrik t\u00eb vitit 2010 si nj\u00eb OJQ q\u00eb punon p\u00ebr t\u00eb promovuar dhe p\u00ebrforcuar sip\u00ebrmarrjen e grave n\u00eb vend dhe n\u00eb rajon. Sip\u00ebrmarrja e grave si nj\u00eb deg\u00eb e ve\u00e7ant\u00eb p\u00ebr zhvillimin ekonomik n\u00eb sektorin privat, si dhe n\u00eb institucionet shtet\u00ebrore dhe shoqatat, nuk \u00ebsht\u00eb identifikuar qart\u00eb.<\/p>\n<p>[\/et_pb_text][et_pb_button button_url=&#8221;@ET-DC@eyJkeW5hbWljIjp0cnVlLCJjb250ZW50IjoicG9zdF9saW5rX3VybF9wYWdlIiwic2V0dGluZ3MiOnsicG9zdF9pZCI6IjIwMiJ9fQ==@&#8221; button_text=&#8221;M\u00ebso m\u00eb shum\u00eb&#8221; _builder_version=&#8221;4.24.0&#8243; _dynamic_attributes=&#8221;button_url&#8221; _module_preset=&#8221;default&#8221; global_colors_info=&#8221;{}&#8221;][\/et_pb_button][\/et_pb_column][\/et_pb_row][et_pb_row column_structure=&#8221;1_2,1_2&#8243; _builder_version=&#8221;4.24.0&#8243; _module_preset=&#8221;default&#8221; min_height=&#8221;488.3px&#8221; custom_margin=&#8221;|auto|12px|auto|false|false&#8221; custom_padding=&#8221;||0px||false|false&#8221; global_colors_info=&#8221;{}&#8221;][et_pb_column type=&#8221;1_2&#8243; _builder_version=&#8221;4.24.0&#8243; _module_preset=&#8221;default&#8221; global_colors_info=&#8221;{}&#8221;][et_pb_image src=&#8221;https:\/\/gfeb.org\/al\/wp-content\/uploads\/sites\/3\/2024\/02\/APZ.png&#8221; title_text=&#8221;APZ&#8221; _builder_version=&#8221;4.24.0&#8243; _module_preset=&#8221;default&#8221; custom_margin=&#8221;-76px||||false|false&#8221; global_colors_info=&#8221;{}&#8221;][\/et_pb_image][\/et_pb_column][et_pb_column type=&#8221;1_2&#8243; _builder_version=&#8221;4.24.0&#8243; _module_preset=&#8221;default&#8221; global_colors_info=&#8221;{}&#8221;][et_pb_text _builder_version=&#8221;4.24.0&#8243; _module_preset=&#8221;default&#8221; global_colors_info=&#8221;{}&#8221;]<\/p>\n<h3>BUSINESS WOMEN ASSOCIATION &#8211; MONTENEGRO<\/h3>\n<p>[\/et_pb_text][et_pb_text _builder_version=&#8221;4.24.0&#8243; _module_preset=&#8221;default&#8221; global_colors_info=&#8221;{}&#8221;]<\/p>\n<p style=\"text-align: justify;\">Shoqata e Grave Sip\u00ebrmarr\u00ebse &#8211; Mal i Zi mb\u00ebshtet grat\u00eb n\u00eb biznes, udh\u00ebheqjen fem\u00ebrore dhe sip\u00ebrmarrjen, nd\u00ebrmjet\u00ebson p\u00ebr p\u00ebrmir\u00ebsimin e klim\u00ebs s\u00eb biznesit dhe vazhdimisht po nxit rrjet\u00ebzimin n\u00eb nivel lokal, rajonal dhe nd\u00ebrkomb\u00ebtar. Shoqata e Grave Sip\u00ebrmarr\u00ebse t\u00eb Malit t\u00eb Zi njihet si nj\u00eb partner i respektuar n\u00eb dialogun publik-privat, duke kontribuar n\u00eb zhvillimin socio-ekonomik me nj\u00eb fokus t\u00eb ve\u00e7ant\u00eb n\u00eb sip\u00ebrmarrjen te femrat si nj\u00eb faktor rritjeje ekonomike.<\/p>\n<p>[\/et_pb_text][et_pb_button button_url=&#8221;@ET-DC@eyJkeW5hbWljIjp0cnVlLCJjb250ZW50IjoicG9zdF9saW5rX3VybF9wYWdlIiwic2V0dGluZ3MiOnsicG9zdF9pZCI6IjI2OCJ9fQ==@&#8221; button_text=&#8221;M\u00ebso m\u00eb shum\u00eb&#8221; _builder_version=&#8221;4.24.0&#8243; _dynamic_attributes=&#8221;button_url&#8221; _module_preset=&#8221;default&#8221; global_colors_info=&#8221;{}&#8221;][\/et_pb_button][\/et_pb_column][\/et_pb_row][et_pb_row column_structure=&#8221;1_2,1_2&#8243; _builder_version=&#8221;4.24.0&#8243; _module_preset=&#8221;default&#8221; min_height=&#8221;514.1px&#8221; custom_margin=&#8221;|auto||auto|false|false&#8221; custom_padding=&#8221;17px|||||&#8221; global_colors_info=&#8221;{}&#8221;][et_pb_column type=&#8221;1_2&#8243; _builder_version=&#8221;4.24.0&#8243; _module_preset=&#8221;default&#8221; global_colors_info=&#8221;{}&#8221;][et_pb_image src=&#8221;https:\/\/gfeb.org\/al\/wp-content\/uploads\/sites\/3\/2024\/02\/KAGIDER.png&#8221; title_text=&#8221;KAGIDER&#8221; _builder_version=&#8221;4.24.0&#8243; _module_preset=&#8221;default&#8221; custom_margin=&#8221;||||false|false&#8221; global_colors_info=&#8221;{}&#8221;][\/et_pb_image][\/et_pb_column][et_pb_column type=&#8221;1_2&#8243; _builder_version=&#8221;4.24.0&#8243; _module_preset=&#8221;default&#8221; global_colors_info=&#8221;{}&#8221;][et_pb_text _builder_version=&#8221;4.24.0&#8243; _module_preset=&#8221;default&#8221; global_colors_info=&#8221;{}&#8221;]<\/p>\n<h3><span>TURKEY WOMEN ENTREPRENEURS <\/span>ASSOCIATION <span>(KAGIDER)<\/span><\/h3>\n<p>[\/et_pb_text][et_pb_text _builder_version=&#8221;4.24.0&#8243; _module_preset=&#8221;default&#8221; global_colors_info=&#8221;{}&#8221;]<\/p>\n<p style=\"text-align: justify;\">Shoqata e Grave Sip\u00ebrmarr\u00ebse t\u00eb Turqis\u00eb (KAGIDER) \u00ebsht\u00eb nj\u00eb organizat\u00eb jofitimprur\u00ebse q\u00eb synon t\u00eb fuqizoj\u00eb grat\u00eb p\u00ebrmes sip\u00ebrmarrjes. Shoqata e Grave Sip\u00ebrmarr\u00ebse e Turqis\u00eb \u00ebsht\u00eb nj\u00eb organizat\u00eb jofitimprur\u00ebse e themeluar n\u00eb shtator 2007 nga 37 gra sip\u00ebrmarr\u00ebse q\u00eb angazhohet n\u00eb veprimtari n\u00eb Turqi. KAGIDER ka qen\u00eb pjes\u00ebmarr\u00ebse n\u00eb shum\u00eb projekte dhe ka pasur iniciativa q\u00eb nga themelimi i saj n\u00eb bashk\u00ebpunim me komponent\u00eb t\u00eb sektorit publik, privat dhe shoq\u00ebris\u00eb civile. Q\u00ebllimet e organizat\u00ebs p\u00ebrfshijn\u00eb p\u00ebrgatitjen e grave t\u00eb reja p\u00ebr jet\u00ebn e pun\u00ebs, ofrimin e arsimit dhe mb\u00ebshtetjen e mentorimit p\u00ebr grat\u00eb q\u00eb d\u00ebshirojn\u00eb t\u00eb b\u00ebhen sip\u00ebrmarr\u00ebse, rritjen e vizibilitetit dhe rritjen e numrit t\u00eb grave sip\u00ebrmarr\u00ebse model p\u00ebr shoq\u00ebrin\u00eb.<\/p>\n<p>[\/et_pb_text][et_pb_button button_url=&#8221;@ET-DC@eyJkeW5hbWljIjp0cnVlLCJjb250ZW50IjoicG9zdF9saW5rX3VybF9wYWdlIiwic2V0dGluZ3MiOnsicG9zdF9pZCI6IjI3NiJ9fQ==@&#8221; button_text=&#8221;M\u00ebso m\u00eb shum\u00eb&#8221; _builder_version=&#8221;4.24.0&#8243; _dynamic_attributes=&#8221;button_url&#8221; _module_preset=&#8221;default&#8221; global_colors_info=&#8221;{}&#8221;][\/et_pb_button][\/et_pb_column][\/et_pb_row][et_pb_row column_structure=&#8221;1_2,1_2&#8243; _builder_version=&#8221;4.24.0&#8243; _module_preset=&#8221;default&#8221; custom_margin=&#8221;|auto|-45px|auto||&#8221; custom_padding=&#8221;||0px||false|false&#8221; global_colors_info=&#8221;{}&#8221;][et_pb_column type=&#8221;1_2&#8243; _builder_version=&#8221;4.24.0&#8243; _module_preset=&#8221;default&#8221; global_colors_info=&#8221;{}&#8221;][et_pb_image src=&#8221;https:\/\/gfeb.org\/al\/wp-content\/uploads\/sites\/3\/2024\/02\/WECA.png&#8221; title_text=&#8221;WECA&#8221; _builder_version=&#8221;4.24.0&#8243; _module_preset=&#8221;default&#8221; custom_margin=&#8221;||||false|false&#8221; global_colors_info=&#8221;{}&#8221;][\/et_pb_image][\/et_pb_column][et_pb_column type=&#8221;1_2&#8243; _builder_version=&#8221;4.24.0&#8243; _module_preset=&#8221;default&#8221; global_colors_info=&#8221;{}&#8221;][et_pb_text _builder_version=&#8221;4.24.0&#8243; _module_preset=&#8221;default&#8221; global_colors_info=&#8221;{}&#8221;]<\/p>\n<h3>DHOMA EKONOMIKE E GRUAS N\u00cb SHQIP\u00cbRI <span>(WECA)<\/span><\/h3>\n<p>[\/et_pb_text][et_pb_text _builder_version=&#8221;4.24.0&#8243; _module_preset=&#8221;default&#8221; global_colors_info=&#8221;{}&#8221;]<\/p>\n<p style=\"text-align: justify;\"><strong>DHOMA <\/strong><strong>EKONOMIKE E GRUAS N\u00cb SHQIP\u00cbRI <\/strong>u krijua ligj\u00ebrisht m\u00eb 26 Qershor 2020. Ajo p\u00ebrfaq\u00ebson interesin e p\u00ebrbashk\u00ebt t\u00eb nj\u00eb grupi grash sip\u00ebrmarr\u00ebse dhe profesioniste p\u00ebr t\u00eb ndikuar n\u00eb shoq\u00ebrin\u00eb p\u00ebr fuqizimin e Sip\u00ebrmarrjes s\u00eb Grave n\u00eb Shqip\u00ebri. Pas dekadash t\u00eb p\u00ebrvoj\u00ebs n\u00eb fusha t\u00eb ndryshme t\u00eb biznesit, ato bashkohen p\u00ebr t\u00eb ndar\u00eb njohurin\u00eb, energjin\u00eb, interesin dhe d\u00ebshir\u00ebn p\u00ebr kontribut ndaj komunitetit t\u00eb bizneseve t\u00eb drejtuar nga grat\u00eb.<\/p>\n<p align=\"justify\" style=\"text-align: justify;\"><strong>Misioni i WECA<\/strong> \u00ebsht\u00eb t\u00eb fuqizoj\u00eb grat\u00eb n\u00eb sip\u00ebrmarrje si promovuese t\u00eb ekonomis\u00eb, duke kontribuar n\u00eb t\u00eb gjitha proceset e marr\u00ebveshjeve p\u00ebr \u00e7\u00ebshtjet ekonomike.<\/p>\n<p>[\/et_pb_text][et_pb_button button_url=&#8221;@ET-DC@eyJkeW5hbWljIjp0cnVlLCJjb250ZW50IjoicG9zdF9saW5rX3VybF9wYWdlIiwic2V0dGluZ3MiOnsicG9zdF9pZCI6IjI3OCJ9fQ==@&#8221; button_text=&#8221;M\u00ebso m\u00eb shum\u00eb&#8221; _builder_version=&#8221;4.24.0&#8243; _dynamic_attributes=&#8221;button_url&#8221; _module_preset=&#8221;default&#8221; global_colors_info=&#8221;{}&#8221;][\/et_pb_button][\/et_pb_column][\/et_pb_row][et_pb_row column_structure=&#8221;1_2,1_2&#8243; _builder_version=&#8221;4.24.0&#8243; _module_preset=&#8221;default&#8221; min_height=&#8221;459.6px&#8221; custom_margin=&#8221;|auto||auto|false|false&#8221; custom_padding=&#8221;104px||0px||false|false&#8221; global_colors_info=&#8221;{}&#8221;][et_pb_column type=&#8221;1_2&#8243; _builder_version=&#8221;4.24.0&#8243; _module_preset=&#8221;default&#8221; global_colors_info=&#8221;{}&#8221;][et_pb_image src=&#8221;https:\/\/gfeb.org\/al\/wp-content\/uploads\/sites\/3\/2024\/02\/BEST.png&#8221; title_text=&#8221;BEST&#8221; _builder_version=&#8221;4.24.0&#8243; _module_preset=&#8221;default&#8221; custom_margin=&#8221;-76px||||false|false&#8221; global_colors_info=&#8221;{}&#8221;][\/et_pb_image][\/et_pb_column][et_pb_column type=&#8221;1_2&#8243; _builder_version=&#8221;4.24.0&#8243; _module_preset=&#8221;default&#8221; global_colors_info=&#8221;{}&#8221;][et_pb_text _builder_version=&#8221;4.24.0&#8243; _module_preset=&#8221;default&#8221; global_colors_info=&#8221;{}&#8221;]<\/p>\n<h3>BEST INSTITUT F\u00dcR BERUFSBEZOGONE WEITERBILDUNG UND PERSONALTRAINING<\/h3>\n<p>[\/et_pb_text][et_pb_text _builder_version=&#8221;4.24.0&#8243; _module_preset=&#8221;default&#8221; global_colors_info=&#8221;{}&#8221;]<\/p>\n<p style=\"text-align: justify;\">BEST Institut f\u00fcr berufsbezogene Weiterbildung und Personaltraining GmbH u themelua n\u00eb vitin 1990 si nj\u00eb organizat\u00eb austriake e pavarur p\u00ebr ofrimin e trajnimeve t\u00eb vazhdueshme, kualifikimeve profesionale dhe k\u00ebshillimeve p\u00ebr karrier\u00eb. Aktivitetet kryesore p\u00ebrfshijn\u00eb zhvillimin e programeve inovative t\u00eb trajnimit p\u00ebr individ\u00eb t\u00eb rinj dhe t\u00eb rritur, shumica prej tyre gra t\u00eb margjinalizuara dhe individ\u00eb me sfond migrimi, n\u00eb trajnime t\u00eb vazhdueshme dhe profesionale, k\u00ebshillimin dhe trajnimin dhe aktivizimin p\u00ebr k\u00ebrkuesit e pun\u00ebs dhe punonj\u00ebsit.<\/p>\n<p>[\/et_pb_text][et_pb_button button_url=&#8221;@ET-DC@eyJkeW5hbWljIjp0cnVlLCJjb250ZW50IjoicG9zdF9saW5rX3VybF9wYWdlIiwic2V0dGluZ3MiOnsicG9zdF9pZCI6IjI4MCJ9fQ==@&#8221; button_text=&#8221;M\u00ebso m\u00eb shum\u00eb&#8221; _builder_version=&#8221;4.24.0&#8243; _dynamic_attributes=&#8221;button_url&#8221; _module_preset=&#8221;default&#8221; global_colors_info=&#8221;{}&#8221;][\/et_pb_button][\/et_pb_column][\/et_pb_row][\/et_pb_section]<\/p>\n","protected":false},"excerpt":{"rendered":"<p>Partner\u00ebtPartneriteti formon nj\u00eb ekip solid, q\u00eb plot\u00ebson nj\u00ebri-tjetrin n\u00eb aspektet e aft\u00ebsive, p\u00ebrvoj\u00ebs, ekspertiz\u00ebs, njohurive dhe sfondit operacional. Edhe pse \u00e7do rezultat i projektit \u00ebsht\u00eb vendosur p\u00ebr nj\u00eb partner t\u00eb caktuar, t\u00eb gjith\u00eb partner\u00ebt do t\u00eb kontribuojn\u00eb n\u00eb t\u00eb gjitha aktivitetet.Kjo p\u00ebr shkak se secili mund t\u00eb ofroj\u00eb nj\u00eb kontribut unik, bazuar n\u00eb p\u00ebrvoj\u00ebn dhe [&hellip;]<\/p>\n","protected":false},"author":1,"featured_media":0,"parent":0,"menu_order":0,"comment_status":"closed","ping_status":"closed","template":"","meta":{"_et_pb_use_builder":"on","_et_pb_old_content":"","_et_gb_content_width":"","footnotes":""},"class_list":["post-80","page","type-page","status-publish","hentry"],"_links":{"self":[{"href":"https:\/\/gfeb.org\/al\/wp-json\/wp\/v2\/pages\/80","targetHints":{"allow":["GET"]}}],"collection":[{"href":"https:\/\/gfeb.org\/al\/wp-json\/wp\/v2\/pages"}],"about":[{"href":"https:\/\/gfeb.org\/al\/wp-json\/wp\/v2\/types\/page"}],"author":[{"embeddable":true,"href":"https:\/\/gfeb.org\/al\/wp-json\/wp\/v2\/users\/1"}],"replies":[{"embeddable":true,"href":"https:\/\/gfeb.org\/al\/wp-json\/wp\/v2\/comments?post=80"}],"version-history":[{"count":32,"href":"https:\/\/gfeb.org\/al\/wp-json\/wp\/v2\/pages\/80\/revisions"}],"predecessor-version":[{"id":923,"href":"https:\/\/gfeb.org\/al\/wp-json\/wp\/v2\/pages\/80\/revisions\/923"}],"wp:attachment":[{"href":"https:\/\/gfeb.org\/al\/wp-json\/wp\/v2\/media?parent=80"}],"curies":[{"name":"wp","href":"https:\/\/api.w.org\/{rel}","templated":true}]}}