{"id":202,"date":"2024-02-19T13:20:57","date_gmt":"2024-02-19T13:20:57","guid":{"rendered":"https:\/\/gfeb.org\/mne\/?page_id=202"},"modified":"2024-03-09T15:43:17","modified_gmt":"2024-03-09T15:43:17","slug":"partner-abw","status":"publish","type":"page","link":"https:\/\/gfeb.org\/mne\/partner-abw\/","title":{"rendered":"partner abw"},"content":{"rendered":"<p>[et_pb_section fb_built=&#8221;1&#8243; next_background_color=&#8221;#ffffff&#8221; _builder_version=&#8221;4.24.0&#8243; _module_preset=&#8221;default&#8221; use_background_color_gradient=&#8221;on&#8221; background_color_gradient_direction=&#8221;270deg&#8221; background_color_gradient_stops=&#8221;#5a7414 0%|#1f5100 100%&#8221; bottom_divider_style=&#8221;wave&#8221; bottom_divider_height=&#8221;32px&#8221; global_colors_info=&#8221;{}&#8221;][et_pb_row _builder_version=&#8221;4.24.0&#8243; _module_preset=&#8221;default&#8221; global_colors_info=&#8221;{}&#8221;][et_pb_column type=&#8221;4_4&#8243; _builder_version=&#8221;4.24.0&#8243; _module_preset=&#8221;default&#8221; global_colors_info=&#8221;{}&#8221;][et_pb_text _builder_version=&#8221;4.24.0&#8243; _module_preset=&#8221;default&#8221; header_text_align=&#8221;center&#8221; header_text_color=&#8221;#FFFFFF&#8221; global_colors_info=&#8221;{}&#8221;]<\/p>\n<h1>Partner ABW<\/h1>\n<p>[\/et_pb_text][\/et_pb_column][\/et_pb_row][\/et_pb_section][et_pb_section fb_built=&#8221;1&#8243; _builder_version=&#8221;4.24.0&#8243; _module_preset=&#8221;default&#8221; global_colors_info=&#8221;{}&#8221;][et_pb_row _builder_version=&#8221;4.24.0&#8243; _module_preset=&#8221;default&#8221; custom_margin=&#8221;|auto|-141px|auto||&#8221; custom_padding=&#8221;3px|||||&#8221; global_colors_info=&#8221;{}&#8221;][et_pb_column type=&#8221;4_4&#8243; _builder_version=&#8221;4.24.0&#8243; _module_preset=&#8221;default&#8221; global_colors_info=&#8221;{}&#8221;][et_pb_image src=&#8221;https:\/\/gfeb.org\/mne\/wp-content\/uploads\/sites\/7\/2024\/02\/ABW.png&#8221; title_text=&#8221;ABW&#8221; _builder_version=&#8221;4.24.0&#8243; _module_preset=&#8221;default&#8221; global_colors_info=&#8221;{}&#8221;][\/et_pb_image][\/et_pb_column][\/et_pb_row][\/et_pb_section][et_pb_section fb_built=&#8221;1&#8243; _builder_version=&#8221;4.24.0&#8243; _module_preset=&#8221;default&#8221; custom_padding=&#8221;0px|||||&#8221; global_colors_info=&#8221;{}&#8221;][et_pb_row _builder_version=&#8221;4.24.0&#8243; _module_preset=&#8221;default&#8221; min_height=&#8221;368px&#8221; custom_padding=&#8221;3px|||||&#8221; global_colors_info=&#8221;{}&#8221;][et_pb_column type=&#8221;4_4&#8243; _builder_version=&#8221;4.24.0&#8243; _module_preset=&#8221;default&#8221; global_colors_info=&#8221;{}&#8221;][et_pb_text _builder_version=&#8221;4.24.0&#8243; _module_preset=&#8221;default&#8221; custom_padding=&#8221;2px||||false|false&#8221; hover_enabled=&#8221;0&#8243; global_colors_info=&#8221;{}&#8221; sticky_enabled=&#8221;0&#8243;]<\/p>\n<div class=\"et_pb_module et_pb_text et_pb_text_2  et_pb_text_align_left et_pb_bg_layout_light\">\n<div class=\"et_pb_text_inner\">\n<h3>ASOCIJACIJA POSLOVNIH \u017dENA SJEVERNA MAKEDONIJA<\/h3>\n<\/div>\n<\/div>\n<div class=\"et_pb_module et_pb_text et_pb_text_3  et_pb_text_align_left et_pb_bg_layout_light\">\n<div class=\"et_pb_text_inner\"><\/div>\n<\/div>\n<p>[\/et_pb_text][et_pb_text _builder_version=&#8221;4.24.0&#8243; _module_preset=&#8221;default&#8221; custom_padding=&#8221;2px||||false|false&#8221; hover_enabled=&#8221;0&#8243; global_colors_info=&#8221;{}&#8221; sticky_enabled=&#8221;0&#8243;]<\/p>\n<p style=\"text-align: justify;\">Asocijacija poslovnih \u017eena \u2013 Sjeverna Makedonija je specifi\u010dan i kompetentan partner u dijalogu sa Vladom, nevladinim organizacijama i privatnim sektorom, koji doprinosi dru\u0161tvenom i ekonomskom razvoju, sa posebnim akcentom na \u017eensko preduzetni\u0161tvo kao faktorom ekonomskog rasta.<\/p>\n<p style=\"text-align: justify;\">Asocijacija ima vode\u0107u ulogu u organizovanju dijaloga i saradnje izme\u0111u poslovnih \u017eena u cilju podr\u0161ke i promocije preduzetnica u Sjevernoj Makedoniji i regionu.<\/p>\n<p style=\"text-align: justify;\">Asocijacija poslovnih \u017eena \u2013 Sjeverna Makedonija je zvani\u010dno osnovana u julu 2010. godine kao nevladina organizacija koja aktivno radi na promociji i ja\u010danju \u017eenskog preduzetni\u0161tva u zemlji i regionu. \u017densko preduzetni\u0161tvo kao posebna grana ekonomskog razvoja u okviru privatnog sektora, kao i u dr\u017eavnim institucijama i udru\u017eenjima, nije jasno identifikovana.<\/p>\n<p style=\"text-align: justify;\">Asocijacija poslovnih \u017eena tokom vremena i kroz mnoge aktivnosti doprinosi da \u017eensko preduzetni\u0161tvo bude prepoznato kao poseban subjekt ja\u010danja privrede u zemlji. Kao kona\u010dni rezultat prepoznavanja i promocije aktivnosti na\u0161eg udru\u017eenja, Strategija \u017eenskog preduzetni\u0161tva u Republici Sjevernoj Makedoniji je u fazi izrade u saradnji sa Ministarstvom ekonomije.<\/p>\n<p style=\"text-align: justify;\">Asocijacija poslovnih \u017eena \u2013 Sjeverna Makedonija aktivno radi na pobolj\u0161anju uslova za \u017eene u biznisu i po tome postaje prepoznatljiv subjekat i sada broji preko 200 \u010dlanica, preduzetnica.<\/p>\n<p>[\/et_pb_text][\/et_pb_column][\/et_pb_row][et_pb_row column_structure=&#8221;1_3,1_3,1_3&#8243; _builder_version=&#8221;4.24.0&#8243; _module_preset=&#8221;default&#8221; global_colors_info=&#8221;{}&#8221;][et_pb_column type=&#8221;1_3&#8243; _builder_version=&#8221;4.24.0&#8243; _module_preset=&#8221;default&#8221; global_colors_info=&#8221;{}&#8221;][et_pb_blurb title=&#8221;Obuka za preduze\u0107a&#8221; use_icon=&#8221;on&#8221; font_icon=&#8221;&#x5a;||divi||400&#8243; icon_placement=&#8221;left&#8221; _builder_version=&#8221;4.24.0&#8243; _module_preset=&#8221;default&#8221; hover_enabled=&#8221;0&#8243; global_colors_info=&#8221;{}&#8221; sticky_enabled=&#8221;0&#8243;]<\/p>\n<p>Ekonomsko osna\u017eivanje \u017eena<\/p>\n<p>[\/et_pb_blurb][\/et_pb_column][et_pb_column type=&#8221;1_3&#8243; _builder_version=&#8221;4.24.0&#8243; _module_preset=&#8221;default&#8221; global_colors_info=&#8221;{}&#8221;][et_pb_blurb title=&#8221;Trening za li\u010dni razvoj&#8221; use_icon=&#8221;on&#8221; font_icon=&#8221;&#x5a;||divi||400&#8243; icon_placement=&#8221;left&#8221; _builder_version=&#8221;4.24.0&#8243; _module_preset=&#8221;default&#8221; hover_enabled=&#8221;0&#8243; locked=&#8221;off&#8221; global_colors_info=&#8221;{}&#8221; sticky_enabled=&#8221;0&#8243;]<\/p>\n<p>Li\u010dni rast i razvoj<\/p>\n<p>[\/et_pb_blurb][\/et_pb_column][et_pb_column type=&#8221;1_3&#8243; _builder_version=&#8221;4.24.0&#8243; _module_preset=&#8221;default&#8221; global_colors_info=&#8221;{}&#8221;][et_pb_blurb title=&#8221;Mentorstvo i treniranje&#8221; use_icon=&#8221;on&#8221; font_icon=&#8221;&#x5a;||divi||400&#8243; icon_placement=&#8221;left&#8221; _builder_version=&#8221;4.24.0&#8243; _module_preset=&#8221;default&#8221; hover_enabled=&#8221;0&#8243; locked=&#8221;off&#8221; global_colors_info=&#8221;{}&#8221; sticky_enabled=&#8221;0&#8243;]<\/p>\n<p>\u017denama koje su preduzetnice ili \u017eele da to postanu.<\/p>\n<p>[\/et_pb_blurb][\/et_pb_column][\/et_pb_row][et_pb_row column_structure=&#8221;1_3,1_3,1_3&#8243; _builder_version=&#8221;4.24.0&#8243; _module_preset=&#8221;default&#8221; global_colors_info=&#8221;{}&#8221;][et_pb_column type=&#8221;1_3&#8243; _builder_version=&#8221;4.24.0&#8243; _module_preset=&#8221;default&#8221; global_colors_info=&#8221;{}&#8221;][et_pb_blurb title=&#8221;Zagovaranje i lobiranje&#8221; use_icon=&#8221;on&#8221; font_icon=&#8221;&#x5a;||divi||400&#8243; icon_placement=&#8221;left&#8221; _builder_version=&#8221;4.24.0&#8243; _module_preset=&#8221;default&#8221; hover_enabled=&#8221;0&#8243; global_colors_info=&#8221;{}&#8221; sticky_enabled=&#8221;0&#8243;]<\/p>\n<p>Od Vlade do op\u0161tina<\/p>\n<p>[\/et_pb_blurb][\/et_pb_column][et_pb_column type=&#8221;1_3&#8243; _builder_version=&#8221;4.24.0&#8243; _module_preset=&#8221;default&#8221; global_colors_info=&#8221;{}&#8221;][et_pb_blurb title=&#8221;Vije\u0107a&#8221; use_icon=&#8221;on&#8221; font_icon=&#8221;&#x5a;||divi||400&#8243; icon_placement=&#8221;left&#8221; _builder_version=&#8221;4.24.0&#8243; _module_preset=&#8221;default&#8221; hover_enabled=&#8221;0&#8243; locked=&#8221;off&#8221; global_colors_info=&#8221;{}&#8221; sticky_enabled=&#8221;0&#8243;]<\/p>\n<p>Za \u017eene preduzetnice<\/p>\n<p>[\/et_pb_blurb][\/et_pb_column][et_pb_column type=&#8221;1_3&#8243; _builder_version=&#8221;4.24.0&#8243; _module_preset=&#8221;default&#8221; global_colors_info=&#8221;{}&#8221;][et_pb_blurb title=&#8221;Pristojan rad&#8221; use_icon=&#8221;on&#8221; font_icon=&#8221;&#x5a;||divi||400&#8243; icon_placement=&#8221;left&#8221; _builder_version=&#8221;4.24.0&#8243; _module_preset=&#8221;default&#8221; hover_enabled=&#8221;0&#8243; locked=&#8221;off&#8221; global_colors_info=&#8221;{}&#8221; sticky_enabled=&#8221;0&#8243;]<\/p>\n<p>Za sve \u017eene poslodavce i zaposlene<\/p>\n<p>[\/et_pb_blurb][\/et_pb_column][\/et_pb_row][et_pb_row column_structure=&#8221;1_3,1_3,1_3&#8243; _builder_version=&#8221;4.24.0&#8243; _module_preset=&#8221;default&#8221; global_colors_info=&#8221;{}&#8221;][et_pb_column type=&#8221;1_3&#8243; _builder_version=&#8221;4.24.0&#8243; _module_preset=&#8221;default&#8221; global_colors_info=&#8221;{}&#8221;][et_pb_blurb title=&#8221;Konferencije i doga\u0111aji&#8221; use_icon=&#8221;on&#8221; font_icon=&#8221;&#x5a;||divi||400&#8243; icon_placement=&#8221;left&#8221; _builder_version=&#8221;4.24.0&#8243; _module_preset=&#8221;default&#8221; hover_enabled=&#8221;0&#8243; global_colors_info=&#8221;{}&#8221; sticky_enabled=&#8221;0&#8243;]<\/p>\n<p>Za osna\u017eivanje \u017eena i preduzetni\u0161tvo<\/p>\n<p>[\/et_pb_blurb][\/et_pb_column][et_pb_column type=&#8221;1_3&#8243; _builder_version=&#8221;4.24.0&#8243; _module_preset=&#8221;default&#8221; global_colors_info=&#8221;{}&#8221;][et_pb_blurb title=&#8221;Umre\u017eavanje&#8221; use_icon=&#8221;on&#8221; font_icon=&#8221;&#x5a;||divi||400&#8243; icon_placement=&#8221;left&#8221; _builder_version=&#8221;4.24.0&#8243; _module_preset=&#8221;default&#8221; hover_enabled=&#8221;0&#8243; global_colors_info=&#8221;{}&#8221; sticky_enabled=&#8221;0&#8243;]<\/p>\n<p>Sa razli\u010ditim u\u010desnicima\/stejkholderima i preduzetnicima<\/p>\n<p>[\/et_pb_blurb][\/et_pb_column][et_pb_column type=&#8221;1_3&#8243; _builder_version=&#8221;4.24.0&#8243; _module_preset=&#8221;default&#8221; global_colors_info=&#8221;{}&#8221;][et_pb_blurb title=&#8221;Zelena tranzicija&#8221; use_icon=&#8221;on&#8221; font_icon=&#8221;&#x5a;||divi||400&#8243; icon_placement=&#8221;left&#8221; _builder_version=&#8221;4.24.0&#8243; _module_preset=&#8221;default&#8221; hover_enabled=&#8221;0&#8243; global_colors_info=&#8221;{}&#8221; sticky_enabled=&#8221;0&#8243;]<\/p>\n<p>Edukacija i aktivnosti za zelenu tranziciju<\/p>\n<p>[\/et_pb_blurb][\/et_pb_column][\/et_pb_row][et_pb_row _builder_version=&#8221;4.24.0&#8243; _module_preset=&#8221;default&#8221; custom_padding=&#8221;||0px|||&#8221; global_colors_info=&#8221;{}&#8221;][et_pb_column type=&#8221;4_4&#8243; _builder_version=&#8221;4.24.0&#8243; _module_preset=&#8221;default&#8221; global_colors_info=&#8221;{}&#8221;][et_pb_divider _builder_version=&#8221;4.24.0&#8243; _module_preset=&#8221;default&#8221; global_colors_info=&#8221;{}&#8221;][\/et_pb_divider][\/et_pb_column][\/et_pb_row][et_pb_row column_structure=&#8221;1_2,1_2&#8243; _builder_version=&#8221;4.24.0&#8243; _module_preset=&#8221;default&#8221; global_colors_info=&#8221;{}&#8221;][et_pb_column type=&#8221;1_2&#8243; _builder_version=&#8221;4.24.0&#8243; _module_preset=&#8221;default&#8221; global_colors_info=&#8221;{}&#8221;][et_pb_text _builder_version=&#8221;4.24.0&#8243; _module_preset=&#8221;default&#8221; global_colors_info=&#8221;{}&#8221;]<\/p>\n<p>Website <a href=\"https:\/\/weplatform.mk\" target=\"_blank\" rel=\"noopener\">https:\/\/weplatform.mk<\/a><span><br \/><\/span>Contact email: contact@abw.mk<\/p>\n<p>[\/et_pb_text][\/et_pb_column][et_pb_column type=&#8221;1_2&#8243; _builder_version=&#8221;4.24.0&#8243; _module_preset=&#8221;default&#8221; global_colors_info=&#8221;{}&#8221;][et_pb_social_media_follow _builder_version=&#8221;4.24.0&#8243; _module_preset=&#8221;default&#8221; text_orientation=&#8221;left&#8221; global_colors_info=&#8221;{}&#8221;][et_pb_social_media_follow_network social_network=&#8221;facebook&#8221; url=&#8221;https:\/\/www.facebook.com\/AssociationofBusinessWomenMacedonia\/&#8221; _builder_version=&#8221;4.24.0&#8243; _module_preset=&#8221;default&#8221; background_color=&#8221;#3b5998&#8243; global_colors_info=&#8221;{}&#8221; follow_button=&#8221;off&#8221; url_new_window=&#8221;on&#8221;]facebook[\/et_pb_social_media_follow_network][et_pb_social_media_follow_network social_network=&#8221;linkedin&#8221; url=&#8221;https:\/\/www.linkedin.com\/company\/association-of-business-women\/&#8221; _builder_version=&#8221;4.24.0&#8243; _module_preset=&#8221;default&#8221; background_color=&#8221;#007bb6&#8243; global_colors_info=&#8221;{}&#8221; follow_button=&#8221;off&#8221; url_new_window=&#8221;on&#8221;]linkedin[\/et_pb_social_media_follow_network][\/et_pb_social_media_follow][\/et_pb_column][\/et_pb_row][\/et_pb_section]<\/p>\n","protected":false},"excerpt":{"rendered":"<p>Partner ABW ASOCIJACIJA POSLOVNIH \u017dENA SJEVERNA MAKEDONIJA Asocijacija poslovnih \u017eena \u2013 Sjeverna Makedonija je specifi\u010dan i kompetentan partner u dijalogu sa Vladom, nevladinim organizacijama i privatnim sektorom, koji doprinosi dru\u0161tvenom i ekonomskom razvoju, sa posebnim akcentom na \u017eensko preduzetni\u0161tvo kao faktorom ekonomskog rasta. Asocijacija ima vode\u0107u ulogu u organizovanju dijaloga i saradnje izme\u0111u poslovnih \u017eena [&hellip;]<\/p>\n","protected":false},"author":1,"featured_media":0,"parent":0,"menu_order":0,"comment_status":"closed","ping_status":"closed","template":"","meta":{"_et_pb_use_builder":"on","_et_pb_old_content":"","_et_gb_content_width":"","footnotes":""},"class_list":["post-202","page","type-page","status-publish","hentry"],"_links":{"self":[{"href":"https:\/\/gfeb.org\/mne\/wp-json\/wp\/v2\/pages\/202","targetHints":{"allow":["GET"]}}],"collection":[{"href":"https:\/\/gfeb.org\/mne\/wp-json\/wp\/v2\/pages"}],"about":[{"href":"https:\/\/gfeb.org\/mne\/wp-json\/wp\/v2\/types\/page"}],"author":[{"embeddable":true,"href":"https:\/\/gfeb.org\/mne\/wp-json\/wp\/v2\/users\/1"}],"replies":[{"embeddable":true,"href":"https:\/\/gfeb.org\/mne\/wp-json\/wp\/v2\/comments?post=202"}],"version-history":[{"count":9,"href":"https:\/\/gfeb.org\/mne\/wp-json\/wp\/v2\/pages\/202\/revisions"}],"predecessor-version":[{"id":910,"href":"https:\/\/gfeb.org\/mne\/wp-json\/wp\/v2\/pages\/202\/revisions\/910"}],"wp:attachment":[{"href":"https:\/\/gfeb.org\/mne\/wp-json\/wp\/v2\/media?parent=202"}],"curies":[{"name":"wp","href":"https:\/\/api.w.org\/{rel}","templated":true}]}}