{"id":80,"date":"2024-02-03T16:49:17","date_gmt":"2024-02-03T16:49:17","guid":{"rendered":"https:\/\/gfeb.org\/mne\/?page_id=80"},"modified":"2024-03-09T15:14:47","modified_gmt":"2024-03-09T15:14:47","slug":"partners","status":"publish","type":"page","link":"https:\/\/gfeb.org\/mne\/partners\/","title":{"rendered":"partners"},"content":{"rendered":"<p>[et_pb_section fb_built=&#8221;1&#8243; next_background_color=&#8221;#ffffff&#8221; _builder_version=&#8221;4.24.0&#8243; _module_preset=&#8221;default&#8221; use_background_color_gradient=&#8221;on&#8221; background_color_gradient_direction=&#8221;270deg&#8221; background_color_gradient_stops=&#8221;#5a7414 0%|#1f5100 100%&#8221; bottom_divider_style=&#8221;wave&#8221; bottom_divider_height=&#8221;32px&#8221; global_colors_info=&#8221;{}&#8221;][et_pb_row _builder_version=&#8221;4.24.0&#8243; _module_preset=&#8221;default&#8221; locked=&#8221;off&#8221; global_colors_info=&#8221;{}&#8221;][et_pb_column type=&#8221;4_4&#8243; _builder_version=&#8221;4.24.0&#8243; _module_preset=&#8221;default&#8221; global_colors_info=&#8221;{}&#8221;][et_pb_text _builder_version=&#8221;4.24.0&#8243; _module_preset=&#8221;default&#8221; header_text_align=&#8221;center&#8221; header_text_color=&#8221;#FFFFFF&#8221; hover_enabled=&#8221;0&#8243; global_colors_info=&#8221;{}&#8221; sticky_enabled=&#8221;0&#8243;]<\/p>\n<h1>Partneri<\/h1>\n<p>[\/et_pb_text][\/et_pb_column][\/et_pb_row][\/et_pb_section][et_pb_section fb_built=&#8221;1&#8243; _builder_version=&#8221;4.24.0&#8243; _module_preset=&#8221;default&#8221; custom_padding=&#8221;||3px|||&#8221; global_colors_info=&#8221;{}&#8221;][et_pb_row _builder_version=&#8221;4.24.0&#8243; _module_preset=&#8221;default&#8221; global_colors_info=&#8221;{}&#8221;][et_pb_column type=&#8221;4_4&#8243; _builder_version=&#8221;4.24.0&#8243; _module_preset=&#8221;default&#8221; global_colors_info=&#8221;{}&#8221;][et_pb_text _builder_version=&#8221;4.24.0&#8243; _module_preset=&#8221;default&#8221; custom_margin=&#8221;||11px|||&#8221; hover_enabled=&#8221;0&#8243; global_colors_info=&#8221;{}&#8221; sticky_enabled=&#8221;0&#8243;]<\/p>\n<p style=\"text-align: justify;\">Partnerstvo je kreirano na na\u010din da predstavlja jedinstven tim koji se me\u0111usobno nadopunjuje u pogledu vje\u0161tina, iskustva, stru\u010dnosti, znanja i operativnih kapaciteta. Iako je svaki ishod projekta dodijeljen odre\u0111enom partneru, svi partneri \u0107e dati doprinos u realizaciji svih aktivnosti. To je zato \u0161to svaki partner mo\u017ee ponuditi jedinstveni doprinos zasnovan na svom iskustvu i radu svojih stru\u010dnjaka u oblasti interkulturalne i inovativne podr\u0161ke preduzetnicama. Ovaj jedinstveni doprinos je posebno vrijedan u kontekstu dodijeljenih tema i zadataka.<\/p>\n<p>[\/et_pb_text][\/et_pb_column][\/et_pb_row][et_pb_row _builder_version=&#8221;4.24.0&#8243; _module_preset=&#8221;default&#8221; custom_margin=&#8221;-19px|auto|25px|auto||&#8221; custom_padding=&#8221;2px|||||&#8221; global_colors_info=&#8221;{}&#8221;][et_pb_column type=&#8221;4_4&#8243; _builder_version=&#8221;4.24.0&#8243; _module_preset=&#8221;default&#8221; global_colors_info=&#8221;{}&#8221;][et_pb_image src=&#8221;https:\/\/gfeb.org\/mne\/wp-content\/uploads\/sites\/7\/2024\/02\/partners_bgrd.jpg&#8221; title_text=&#8221;partners_bgrd&#8221; _builder_version=&#8221;4.24.0&#8243; _module_preset=&#8221;default&#8221; global_colors_info=&#8221;{}&#8221;][\/et_pb_image][et_pb_text _builder_version=&#8221;4.24.0&#8243; _module_preset=&#8221;default&#8221; hover_enabled=&#8221;0&#8243; global_colors_info=&#8221;{}&#8221; sticky_enabled=&#8221;0&#8243;]<\/p>\n<p style=\"text-align: justify;\">G-FEB projekat je uspostavio transnacionalno partnerstvo izme\u0111u 8 organizacija \u2013 nevladinog sektora i pravnih subjekata iz 7 razli\u010ditih zemalja, kao \u0161to je opisano u nastavku:<\/p>\n<p>[\/et_pb_text][\/et_pb_column][\/et_pb_row][\/et_pb_section][et_pb_section fb_built=&#8221;1&#8243; _builder_version=&#8221;4.24.0&#8243; _module_preset=&#8221;default&#8221; custom_padding=&#8221;||||false|false&#8221; global_colors_info=&#8221;{}&#8221;][et_pb_row column_structure=&#8221;1_2,1_2&#8243; _builder_version=&#8221;4.24.0&#8243; _module_preset=&#8221;default&#8221; min_height=&#8221;503.3px&#8221; global_colors_info=&#8221;{}&#8221;][et_pb_column type=&#8221;1_2&#8243; _builder_version=&#8221;4.24.0&#8243; _module_preset=&#8221;default&#8221; global_colors_info=&#8221;{}&#8221;][et_pb_image src=&#8221;https:\/\/gfeb.org\/mne\/wp-content\/uploads\/sites\/7\/2024\/02\/SEGE.png&#8221; title_text=&#8221;SEGE&#8221; _builder_version=&#8221;4.24.0&#8243; _module_preset=&#8221;default&#8221; min_height=&#8221;415.3px&#8221; custom_margin=&#8221;-56px||||false|false&#8221; custom_padding=&#8221;0px||0px|||&#8221; global_colors_info=&#8221;{}&#8221;][\/et_pb_image][\/et_pb_column][et_pb_column type=&#8221;1_2&#8243; _builder_version=&#8221;4.24.0&#8243; _module_preset=&#8221;default&#8221; global_colors_info=&#8221;{}&#8221;][et_pb_text _builder_version=&#8221;4.24.0&#8243; _module_preset=&#8221;default&#8221; hover_enabled=&#8221;0&#8243; global_colors_info=&#8221;{}&#8221; sticky_enabled=&#8221;0&#8243;]<\/p>\n<h3>UDRU\u017dENJE POSLOVNIH \u017dENA GR\u010cKE (SEGE)<\/h3>\n<p>[\/et_pb_text][et_pb_text _builder_version=&#8221;4.24.0&#8243; _module_preset=&#8221;default&#8221; hover_enabled=&#8221;0&#8243; global_colors_info=&#8221;{}&#8221; sticky_enabled=&#8221;0&#8243;]<\/p>\n<p style=\"text-align: justify;\">Gr\u010dka asocijacija poslovnih \u017eena \u2013 S.E.G.E \u2013 je nacionalna nevladina i neprofitna organizacija osnovana 1997. Godine, koja sprovodi aktivnosti namijenjene \u017eenama u biznisu u Gr\u010dkoj. Osna\u017eivanje preduzetni\u010dkog i interpersonalnog razvoja svake \u017eene je centralna filozofija Gr\u010dke asocijacije preduzetnica \u2013 S.E.G.E. Misija S.E.G.E. je razvoj \u017eena i podr\u0161ka odr\u017eivosti njihovog poslovanja kroz sprovo\u0111enje aktivnosti kao \u0161to su savjetovanje, edukacija, mentorstvo itd. Istovremeno, S.E.G.E. aktivno u\u010destvuje u programima osmi\u0161ljenim sa ciljem da osna\u017ee svaku \u017eenu, kako bi joj se pomoglo da prona\u0111e profesionalni i dru\u0161tveni polo\u017eaj koji zaslu\u017euje.<\/p>\n<p>[\/et_pb_text][et_pb_button button_url=&#8221;\/mne\/partner-sege\/&#8221; button_text=&#8221;Saznaj vi\u0161e&#8221; _builder_version=&#8221;4.24.0&#8243; _module_preset=&#8221;default&#8221; hover_enabled=&#8221;0&#8243; global_colors_info=&#8221;{}&#8221; sticky_enabled=&#8221;0&#8243;][\/et_pb_button][\/et_pb_column][\/et_pb_row][\/et_pb_section][et_pb_section fb_built=&#8221;1&#8243; _builder_version=&#8221;4.24.0&#8243; _module_preset=&#8221;default&#8221; custom_margin=&#8221;||||false|false&#8221; custom_padding=&#8221;||||false|false&#8221; global_colors_info=&#8221;{}&#8221;][et_pb_row column_structure=&#8221;1_2,1_2&#8243; _builder_version=&#8221;4.24.0&#8243; _module_preset=&#8221;default&#8221; custom_margin=&#8221;|auto||auto|false|false&#8221; custom_padding=&#8221;0px||11px|||&#8221; global_colors_info=&#8221;{}&#8221;][et_pb_column type=&#8221;1_2&#8243; _builder_version=&#8221;4.24.0&#8243; _module_preset=&#8221;default&#8221; global_colors_info=&#8221;{}&#8221;][et_pb_image src=&#8221;https:\/\/gfeb.org\/mne\/wp-content\/uploads\/sites\/7\/2024\/02\/AAIE.png&#8221; title_text=&#8221;AAIE&#8221; _builder_version=&#8221;4.24.0&#8243; _module_preset=&#8221;default&#8221; custom_margin=&#8221;-50px||||false|false&#8221; global_colors_info=&#8221;{}&#8221;][\/et_pb_image][\/et_pb_column][et_pb_column type=&#8221;1_2&#8243; _builder_version=&#8221;4.24.0&#8243; _module_preset=&#8221;default&#8221; global_colors_info=&#8221;{}&#8221;][et_pb_text _builder_version=&#8221;4.24.0&#8243; _module_preset=&#8221;default&#8221; hover_enabled=&#8221;0&#8243; global_colors_info=&#8221;{}&#8221; sticky_enabled=&#8221;0&#8243;]<\/p>\n<h3>ASOCIJACIJA INDUSTRIJSKIH EKOLOGA ALBANIJE (AAIE)<\/h3>\n<p>[\/et_pb_text][et_pb_text _builder_version=&#8221;4.24.0&#8243; _module_preset=&#8221;default&#8221; hover_enabled=&#8221;0&#8243; global_colors_info=&#8221;{}&#8221; sticky_enabled=&#8221;0&#8243;]<\/p>\n<p style=\"text-align: justify;\">AAIE se mo\u017ee pohvaliti velikim iskustvom u saradnji sa me\u0111unarodnim i nacionalnim organizacijama i sa preko petnaest godina rada na stru\u010dnim analizama, istra\u017eivanjima, planiranju, implementaciji i evaluaciji razli\u010ditih inicijativa dru\u0161tveno-ekonomskih politika. Ova ekspertiza se posebno odnosi na oblast za\u0161tite \u017eivotne sredine.<\/p>\n<p style=\"text-align: justify;\">S obzirom da smo nevladina organizacija, na\u0161i projekti su usmjereni na \u017eivotnu sredinu i ljudski razvoj, posve\u0107eni podsticanju dru\u0161tvenog i ekonomskog oporavka zemlje.<\/p>\n<p>[\/et_pb_text][et_pb_button button_url=&#8221;\/mne\/partner-aaie&#8221; button_text=&#8221;Saznaj vi\u0161e&#8221; _builder_version=&#8221;4.24.0&#8243; _module_preset=&#8221;default&#8221; hover_enabled=&#8221;0&#8243; global_colors_info=&#8221;{}&#8221; sticky_enabled=&#8221;0&#8243;][\/et_pb_button][\/et_pb_column][\/et_pb_row][et_pb_row column_structure=&#8221;1_2,1_2&#8243; _builder_version=&#8221;4.24.0&#8243; _module_preset=&#8221;default&#8221; custom_margin=&#8221;|auto|15px|auto||&#8221; global_colors_info=&#8221;{}&#8221;][et_pb_column type=&#8221;1_2&#8243; _builder_version=&#8221;4.24.0&#8243; _module_preset=&#8221;default&#8221; global_colors_info=&#8221;{}&#8221;][et_pb_image src=&#8221;https:\/\/gfeb.org\/mne\/wp-content\/uploads\/sites\/7\/2024\/02\/UPZ.png&#8221; title_text=&#8221;UPZ&#8221; _builder_version=&#8221;4.24.0&#8243; _module_preset=&#8221;default&#8221; custom_margin=&#8221;-56px||||false|false&#8221; global_colors_info=&#8221;{}&#8221;][\/et_pb_image][\/et_pb_column][et_pb_column type=&#8221;1_2&#8243; _builder_version=&#8221;4.24.0&#8243; _module_preset=&#8221;default&#8221; global_colors_info=&#8221;{}&#8221;][et_pb_text _builder_version=&#8221;4.24.0&#8243; _module_preset=&#8221;default&#8221; hover_enabled=&#8221;0&#8243; global_colors_info=&#8221;{}&#8221; sticky_enabled=&#8221;0&#8243;]<\/p>\n<h3>UDRU\u017dENJE POSLOVNIH \u017dENA &#8211; <span>BIH<\/span><\/h3>\n<p>[\/et_pb_text][et_pb_text _builder_version=&#8221;4.24.0&#8243; _module_preset=&#8221;default&#8221; hover_enabled=&#8221;0&#8243; global_colors_info=&#8221;{}&#8221; sticky_enabled=&#8221;0&#8243;]<\/p>\n<p style=\"text-align: justify;\">Udru\u017eenje poslovnih \u017eena Bosne i Hercegovine (ABW BiH): Podr\u0161ka, edukacija i promocija \u017eenskog preduzetni\u0161tva.<\/p>\n<p style=\"text-align: justify;\">Udru\u017eenje poslovnih \u017eena u Bosni i Hercegovini (ABW BiH) predstavlja snagu za promjene i napredak kroz podr\u0161ku, edukaciju i promociju \u017eenskog preduzetni\u0161tva.<\/p>\n<p style=\"text-align: justify;\">Misija ABW BiH je podr\u0161ka razvoju \u017eenskog preduzetni\u0161tva kroz umre\u017eavanje, edukaciju i savjetovanje. Vizija Udru\u017eenja je ja\u010danje dru\u0161tvenog okvira za razvoj \u017eenskog preduzetni\u0161tva kroz unapre\u0111enje razvojnih politika i otvaranje novih radnih mesta.<\/p>\n<p>[\/et_pb_text][et_pb_button button_url=&#8221;\/mne\/partner-upz&#8221; button_text=&#8221;Saznaj vi\u0161e&#8221; _builder_version=&#8221;4.24.0&#8243; _module_preset=&#8221;default&#8221; hover_enabled=&#8221;0&#8243; global_colors_info=&#8221;{}&#8221; sticky_enabled=&#8221;0&#8243;][\/et_pb_button][\/et_pb_column][\/et_pb_row][et_pb_row column_structure=&#8221;1_2,1_2&#8243; _builder_version=&#8221;4.24.0&#8243; _module_preset=&#8221;default&#8221; min_height=&#8221;404.3px&#8221; custom_margin=&#8221;|auto||auto|false|false&#8221; custom_padding=&#8221;||0px|||&#8221; global_colors_info=&#8221;{}&#8221;][et_pb_column type=&#8221;1_2&#8243; _builder_version=&#8221;4.24.0&#8243; _module_preset=&#8221;default&#8221; global_colors_info=&#8221;{}&#8221;][et_pb_image src=&#8221;https:\/\/gfeb.org\/mne\/wp-content\/uploads\/sites\/7\/2024\/02\/ABW.png&#8221; title_text=&#8221;ABW&#8221; _builder_version=&#8221;4.24.0&#8243; _module_preset=&#8221;default&#8221; custom_margin=&#8221;||||false|false&#8221; global_colors_info=&#8221;{}&#8221;][\/et_pb_image][\/et_pb_column][et_pb_column type=&#8221;1_2&#8243; _builder_version=&#8221;4.24.0&#8243; _module_preset=&#8221;default&#8221; global_colors_info=&#8221;{}&#8221;][et_pb_text _builder_version=&#8221;4.24.0&#8243; _module_preset=&#8221;default&#8221; hover_enabled=&#8221;0&#8243; global_colors_info=&#8221;{}&#8221; sticky_enabled=&#8221;0&#8243;]<\/p>\n<h3>ASOCIJACIJA POSLOVNIH \u017dENA SJEVERNA MAKEDONIJA<\/h3>\n<p>[\/et_pb_text][et_pb_text _builder_version=&#8221;4.24.0&#8243; _module_preset=&#8221;default&#8221; hover_enabled=&#8221;0&#8243; global_colors_info=&#8221;{}&#8221; sticky_enabled=&#8221;0&#8243;]<\/p>\n<p style=\"text-align: justify;\">Asocijacija poslovnih \u017eena \u2013 Sjeverna Makedonija je specifi\u010dan i kompetentan partner u dijalogu sa Vladom, nevladinim organizacijama i privatnim sektorom, koji doprinosi dru\u0161tvenom i ekonomskom razvoju, sa posebnim akcentom na \u017eensko preduzetni\u0161tvo kao faktorom ekonomskog rasta.<\/p>\n<p style=\"text-align: justify;\">Asocijacija poslovnih \u017eena \u2013 Sjeverna Makedonija je zvani\u010dno osnovana u julu 2010. godine kao nevladina organizacija koja aktivno radi na promociji i ja\u010danju \u017eenskog preduzetni\u0161tva u zemlji i regionu. \u017densko preduzetni\u0161tvo kao posebna grana ekonomskog razvoja u okviru privatnog sektora, kao i u dr\u017eavnim institucijama i udru\u017eenjima, nije jasno identifikovana.<\/p>\n<p>[\/et_pb_text][et_pb_button button_url=&#8221;\/mne\/partner-abw&#8221; button_text=&#8221;Saznaj vi\u0161e&#8221; _builder_version=&#8221;4.24.0&#8243; _module_preset=&#8221;default&#8221; hover_enabled=&#8221;0&#8243; global_colors_info=&#8221;{}&#8221; sticky_enabled=&#8221;0&#8243;][\/et_pb_button][\/et_pb_column][\/et_pb_row][et_pb_row column_structure=&#8221;1_2,1_2&#8243; _builder_version=&#8221;4.24.0&#8243; _module_preset=&#8221;default&#8221; min_height=&#8221;488.3px&#8221; custom_margin=&#8221;|auto|12px|auto|false|false&#8221; custom_padding=&#8221;||0px||false|false&#8221; global_colors_info=&#8221;{}&#8221;][et_pb_column type=&#8221;1_2&#8243; _builder_version=&#8221;4.24.0&#8243; _module_preset=&#8221;default&#8221; global_colors_info=&#8221;{}&#8221;][et_pb_image src=&#8221;https:\/\/gfeb.org\/mne\/wp-content\/uploads\/sites\/7\/2024\/02\/APZ.png&#8221; title_text=&#8221;APZ&#8221; _builder_version=&#8221;4.24.0&#8243; _module_preset=&#8221;default&#8221; custom_margin=&#8221;-76px||||false|false&#8221; global_colors_info=&#8221;{}&#8221;][\/et_pb_image][\/et_pb_column][et_pb_column type=&#8221;1_2&#8243; _builder_version=&#8221;4.24.0&#8243; _module_preset=&#8221;default&#8221; global_colors_info=&#8221;{}&#8221;][et_pb_text _builder_version=&#8221;4.24.0&#8243; _module_preset=&#8221;default&#8221; hover_enabled=&#8221;0&#8243; global_colors_info=&#8221;{}&#8221; sticky_enabled=&#8221;0&#8243;]<\/p>\n<h3>ASOCIJACIJA POSLOVNIH \u017dENA \u2013 CRNE GORE<\/h3>\n<p>[\/et_pb_text][et_pb_text _builder_version=&#8221;4.24.0&#8243; _module_preset=&#8221;default&#8221; hover_enabled=&#8221;0&#8243; global_colors_info=&#8221;{}&#8221; sticky_enabled=&#8221;0&#8243;]<\/p>\n<p style=\"text-align: justify;\">Asocijacija poslovnih \u017eena Crne Gore podr\u017eava \u017eene u biznisu, u liderstvu i preduzetni\u0161tvu, zala\u017ee se za unapre\u0111enje poslovnog ambijenta kontinuirano podsti\u010de umre\u017eavanje na lokalnom, regionalnom i me\u0111unarodnom nivou.<\/p>\n<p style=\"text-align: justify;\">Asocijacija poslovnih \u017eena Crne Gore prepoznata je kao respektabilan partner u javno-privatnom dijalogu, koji doprinosi dru\u0161tvenom i ekonomskom razvoju, sa posebnim osvrtom na \u017eensko preduzetni\u0161tvo kao faktor ekonomskog rasta.<\/p>\n<p>[\/et_pb_text][et_pb_button button_url=&#8221;\/mne\/partner-apz&#8221; button_text=&#8221;Saznaj vi\u0161e&#8221; _builder_version=&#8221;4.24.0&#8243; _module_preset=&#8221;default&#8221; hover_enabled=&#8221;0&#8243; global_colors_info=&#8221;{}&#8221; sticky_enabled=&#8221;0&#8243;][\/et_pb_button][\/et_pb_column][\/et_pb_row][et_pb_row column_structure=&#8221;1_2,1_2&#8243; _builder_version=&#8221;4.24.0&#8243; _module_preset=&#8221;default&#8221; min_height=&#8221;514.1px&#8221; custom_margin=&#8221;|auto||auto|false|false&#8221; custom_padding=&#8221;17px|||||&#8221; global_colors_info=&#8221;{}&#8221;][et_pb_column type=&#8221;1_2&#8243; _builder_version=&#8221;4.24.0&#8243; _module_preset=&#8221;default&#8221; global_colors_info=&#8221;{}&#8221;][et_pb_image src=&#8221;https:\/\/gfeb.org\/mne\/wp-content\/uploads\/sites\/7\/2024\/02\/KAGIDER.png&#8221; title_text=&#8221;KAGIDER&#8221; _builder_version=&#8221;4.24.0&#8243; _module_preset=&#8221;default&#8221; custom_margin=&#8221;||||false|false&#8221; global_colors_info=&#8221;{}&#8221;][\/et_pb_image][\/et_pb_column][et_pb_column type=&#8221;1_2&#8243; _builder_version=&#8221;4.24.0&#8243; _module_preset=&#8221;default&#8221; global_colors_info=&#8221;{}&#8221;][et_pb_text _builder_version=&#8221;4.24.0&#8243; _module_preset=&#8221;default&#8221; hover_enabled=&#8221;0&#8243; global_colors_info=&#8221;{}&#8221; sticky_enabled=&#8221;0&#8243;]<\/p>\n<h3>ASOCIJACIJA PREDUZETNICA TURSKE <span>(KAGIDER)<\/span><\/h3>\n<p>[\/et_pb_text][et_pb_text _builder_version=&#8221;4.24.0&#8243; _module_preset=&#8221;default&#8221; hover_enabled=&#8221;0&#8243; global_colors_info=&#8221;{}&#8221; sticky_enabled=&#8221;0&#8243;]<\/p>\n<p style=\"text-align: justify;\">Asocijacija preduzetnica Turske (KAGIDER) je nevladina organizacija koja ima za cilj osna\u017eivanje \u017eena kroz preduzetni\u0161tvo. Asocijacija preduzetnica Turske je neprofitna nevladina organizacija koju je u septembru 2007. godine osnovalo 37 preduzetnica koja se bave razli\u010ditim aktivnostima u Turskoj.<\/p>\n<p style=\"text-align: justify;\">KAGIDER je od svog osnivanja bio uklju\u010den u brojne projekte i inicijative u saradnji sa javnim, privatnim sektorom i civilnim dru\u0161tvom. Ciljevi organizacije uklju\u010duju pripremu mladih \u017eena za poslovni \u017eivot, pru\u017eanje edukacije i mentorske podr\u0161ke \u017eenama koje \u017eele postati preduzetnice, u\u010diniti ih vidljivim i pove\u0107ati broj uzora u segmentu \u017eena preduzetnica.<\/p>\n<p>[\/et_pb_text][et_pb_button button_url=&#8221;\/mne\/partner-kagider&#8221; button_text=&#8221;Saznaj vi\u0161e&#8221; _builder_version=&#8221;4.24.0&#8243; _module_preset=&#8221;default&#8221; hover_enabled=&#8221;0&#8243; global_colors_info=&#8221;{}&#8221; sticky_enabled=&#8221;0&#8243;][\/et_pb_button][\/et_pb_column][\/et_pb_row][et_pb_row column_structure=&#8221;1_2,1_2&#8243; _builder_version=&#8221;4.24.0&#8243; _module_preset=&#8221;default&#8221; custom_margin=&#8221;|auto|-45px|auto||&#8221; custom_padding=&#8221;||0px||false|false&#8221; global_colors_info=&#8221;{}&#8221;][et_pb_column type=&#8221;1_2&#8243; _builder_version=&#8221;4.24.0&#8243; _module_preset=&#8221;default&#8221; global_colors_info=&#8221;{}&#8221;][et_pb_image src=&#8221;https:\/\/gfeb.org\/mne\/wp-content\/uploads\/sites\/7\/2024\/02\/WECA.png&#8221; title_text=&#8221;WECA&#8221; _builder_version=&#8221;4.24.0&#8243; _module_preset=&#8221;default&#8221; custom_margin=&#8221;||||false|false&#8221; global_colors_info=&#8221;{}&#8221;][\/et_pb_image][\/et_pb_column][et_pb_column type=&#8221;1_2&#8243; _builder_version=&#8221;4.24.0&#8243; _module_preset=&#8221;default&#8221; global_colors_info=&#8221;{}&#8221;][et_pb_text _builder_version=&#8221;4.24.0&#8243; _module_preset=&#8221;default&#8221; hover_enabled=&#8221;0&#8243; global_colors_info=&#8221;{}&#8221; sticky_enabled=&#8221;0&#8243;]<\/p>\n<h3><span>\u017dENSKA PRIVREDNA KOMORA ALBANIJE (WECA)<\/span><\/h3>\n<p>[\/et_pb_text][et_pb_text _builder_version=&#8221;4.24.0&#8243; _module_preset=&#8221;default&#8221; hover_enabled=&#8221;0&#8243; global_colors_info=&#8221;{}&#8221; sticky_enabled=&#8221;0&#8243;]<\/p>\n<p style=\"text-align: justify;\">\u017denska privredna komora Albanije (WECA) je pravno osnovana 26. juna 2020.<\/p>\n<p style=\"text-align: justify;\">Komora predstavlja zajedni\u010dki interes grupe preduzetnica i profesionalaca da uti\u010du na dru\u0161tvo u cilju osna\u017eivanja \u017eenskog preduzetni\u0161tva u Albaniji. Nakon decenija iskustva u razli\u010ditim oblastima poslovanja, udru\u017eile su znanje, energiju, interesovanje i \u017eelju da doprinesu \u0161irenju zajednice biznisa koje vode \u017eene.<\/p>\n<p align=\"justify\" style=\"text-align: justify;\"><strong>Misija WECA-e<\/strong> je osna\u017eivanje \u017eena u preduzetni\u0161tvu kao promoterki privrede, doprinose\u0107i svim procesima dono\u0161enja odluka o ekonomskim pitanjima.<\/p>\n<p>[\/et_pb_text][et_pb_button button_url=&#8221;\/mne\/partner-weca&#8221; button_text=&#8221;Saznaj vi\u0161e&#8221; _builder_version=&#8221;4.24.0&#8243; _module_preset=&#8221;default&#8221; hover_enabled=&#8221;0&#8243; global_colors_info=&#8221;{}&#8221; sticky_enabled=&#8221;0&#8243;][\/et_pb_button][\/et_pb_column][\/et_pb_row][et_pb_row column_structure=&#8221;1_2,1_2&#8243; _builder_version=&#8221;4.24.0&#8243; _module_preset=&#8221;default&#8221; min_height=&#8221;459.6px&#8221; custom_margin=&#8221;|auto||auto|false|false&#8221; custom_padding=&#8221;104px||0px||false|false&#8221; global_colors_info=&#8221;{}&#8221;][et_pb_column type=&#8221;1_2&#8243; _builder_version=&#8221;4.24.0&#8243; _module_preset=&#8221;default&#8221; global_colors_info=&#8221;{}&#8221;][et_pb_image src=&#8221;https:\/\/gfeb.org\/mne\/wp-content\/uploads\/sites\/7\/2024\/02\/BEST.png&#8221; title_text=&#8221;BEST&#8221; _builder_version=&#8221;4.24.0&#8243; _module_preset=&#8221;default&#8221; custom_margin=&#8221;-76px||||false|false&#8221; global_colors_info=&#8221;{}&#8221;][\/et_pb_image][\/et_pb_column][et_pb_column type=&#8221;1_2&#8243; _builder_version=&#8221;4.24.0&#8243; _module_preset=&#8221;default&#8221; global_colors_info=&#8221;{}&#8221;][et_pb_text _builder_version=&#8221;4.24.0&#8243; _module_preset=&#8221;default&#8221; hover_enabled=&#8221;0&#8243; global_colors_info=&#8221;{}&#8221; sticky_enabled=&#8221;0&#8243;]<\/p>\n<h3>BEST INSTITUT ZA STRU\u010cNO OBRAZOVANJE I OBUKU KADROVA<\/h3>\n<p>[\/et_pb_text][et_pb_text _builder_version=&#8221;4.24.0&#8243; _module_preset=&#8221;default&#8221; hover_enabled=&#8221;0&#8243; global_colors_info=&#8221;{}&#8221; sticky_enabled=&#8221;0&#8243;]<\/p>\n<p style=\"text-align: justify;\">BEST institut za stru\u010dno obrazovanje i obuku kadrova je osnovan 1990. godine kao nezavisna austrijska organizacija za pru\u017eanje usluga kontinuiranog usavr\u0161avanja, stru\u010dne kvalifikacije i karijerne servise. Najva\u017enije aktivnosti obuhvataju razvoj inovativnih programa obuke za mlade pojedince i odrasle, od kojih su mnoge \u017eene u nepovoljnom polo\u017eaju i migranti, a koje se odnose na kontinuirane i stru\u010dne obuke, savetovanja, obu\u010davanja i aktivacija za osobe koje tra\u017ee posao i zaposlene. \u0160eme obuke su orijentisane na klijente i zasnovane na specifi\u010dnim potrebama tr\u017ei\u0161ta rada i individualnim situacijama, vje\u0161tinama i kompetencijama korisnika, prethodnom iskustvu i \u017eivotnim okolnostima.<\/p>\n<p>[\/et_pb_text][et_pb_button button_url=&#8221;\/mne\/partner-best&#8221; button_text=&#8221;Saznaj vi\u0161e&#8221; _builder_version=&#8221;4.24.0&#8243; _module_preset=&#8221;default&#8221; hover_enabled=&#8221;0&#8243; global_colors_info=&#8221;{}&#8221; sticky_enabled=&#8221;0&#8243;][\/et_pb_button][\/et_pb_column][\/et_pb_row][\/et_pb_section]<\/p>\n","protected":false},"excerpt":{"rendered":"<p>PartneriPartnerstvo je kreirano na na\u010din da predstavlja jedinstven tim koji se me\u0111usobno nadopunjuje u pogledu vje\u0161tina, iskustva, stru\u010dnosti, znanja i operativnih kapaciteta. Iako je svaki ishod projekta dodijeljen odre\u0111enom partneru, svi partneri \u0107e dati doprinos u realizaciji svih aktivnosti. To je zato \u0161to svaki partner mo\u017ee ponuditi jedinstveni doprinos zasnovan na svom iskustvu i radu [&hellip;]<\/p>\n","protected":false},"author":1,"featured_media":0,"parent":0,"menu_order":0,"comment_status":"closed","ping_status":"closed","template":"","meta":{"_et_pb_use_builder":"on","_et_pb_old_content":"","_et_gb_content_width":"","footnotes":""},"class_list":["post-80","page","type-page","status-publish","hentry"],"_links":{"self":[{"href":"https:\/\/gfeb.org\/mne\/wp-json\/wp\/v2\/pages\/80","targetHints":{"allow":["GET"]}}],"collection":[{"href":"https:\/\/gfeb.org\/mne\/wp-json\/wp\/v2\/pages"}],"about":[{"href":"https:\/\/gfeb.org\/mne\/wp-json\/wp\/v2\/types\/page"}],"author":[{"embeddable":true,"href":"https:\/\/gfeb.org\/mne\/wp-json\/wp\/v2\/users\/1"}],"replies":[{"embeddable":true,"href":"https:\/\/gfeb.org\/mne\/wp-json\/wp\/v2\/comments?post=80"}],"version-history":[{"count":31,"href":"https:\/\/gfeb.org\/mne\/wp-json\/wp\/v2\/pages\/80\/revisions"}],"predecessor-version":[{"id":901,"href":"https:\/\/gfeb.org\/mne\/wp-json\/wp\/v2\/pages\/80\/revisions\/901"}],"wp:attachment":[{"href":"https:\/\/gfeb.org\/mne\/wp-json\/wp\/v2\/media?parent=80"}],"curies":[{"name":"wp","href":"https:\/\/api.w.org\/{rel}","templated":true}]}}